{"id":140,"date":"2018-11-09T14:49:00","date_gmt":"2018-11-09T14:49:00","guid":{"rendered":"http:\/\/www.vystupnakilimandzaro.cz\/?page_id=140"},"modified":"2020-08-12T10:51:54","modified_gmt":"2020-08-12T10:51:54","slug":"o-kilimandzaru","status":"publish","type":"page","link":"https:\/\/www.vystupnakilimandzaro.cz\/index.php\/o-kilimandzaru\/","title":{"rendered":"O Kilimand\u017e\u00e1ru"},"content":{"rendered":"\n<p>Kilimand\u017e\u00e1ro je horsk\u00fd masiv nach\u00e1zej\u00edc\u00ed se v Tanzanii t\u00e9m\u011b\u0159 na rovn\u00edku pobl\u00ed\u017e m\u011bsta Moshi p\u0159i hranici s Ke\u0148ou. Skl\u00e1d\u00e1 se ze t\u0159\u00ed dnes u\u017e ne\u010dinn\u00fdch vulk\u00e1n\u016f \u2013 Shira, Mawenzi a Kibo. Na vulk\u00e1nu Kibo se ve v\u00fd\u0161ce 5895 m n. m nach\u00e1z\u00ed nejvy\u0161\u0161\u00ed bod Tanzanie a z\u00e1rove\u0148 cel\u00e9ho Africk\u00e9ho kontinentu \u2013 vrchol Uhuru (\u010desky vrchol svobody).<\/p>\n\n\n\n<div class=\"wp-block-image size-full wp-image-151\"><figure class=\"aligncenter\"><img data-recalc-dims=\"1\" loading=\"lazy\" decoding=\"async\" width=\"500\" height=\"211\" data-attachment-id=\"151\" data-permalink=\"https:\/\/www.vystupnakilimandzaro.cz\/index.php\/o-kilimandzaru\/kilimanjaro-vulkan\/\" data-orig-file=\"https:\/\/i0.wp.com\/www.vystupnakilimandzaro.cz\/wp-content\/uploads\/2018\/11\/Kilimanjaro-vulkan.jpg?fit=500%2C211&amp;ssl=1\" data-orig-size=\"500,211\" data-comments-opened=\"1\" data-image-meta=\"{&quot;aperture&quot;:&quot;8&quot;,&quot;credit&quot;:&quot;&quot;,&quot;camera&quot;:&quot;Canon EOS 400D DIGITAL&quot;,&quot;caption&quot;:&quot;&quot;,&quot;created_timestamp&quot;:&quot;1259672801&quot;,&quot;copyright&quot;:&quot;&quot;,&quot;focal_length&quot;:&quot;55&quot;,&quot;iso&quot;:&quot;800&quot;,&quot;shutter_speed&quot;:&quot;0.0004&quot;,&quot;title&quot;:&quot;&quot;,&quot;orientation&quot;:&quot;1&quot;}\" data-image-title=\"Kilimand\u017e\u00e1ro &amp;#8211; vulk\u00e1n Kibo\" data-image-description=\"&lt;p&gt;Kilimand\u017e\u00e1ro &amp;#8211; vulk\u00e1n Kibo s nejvy\u0161\u0161\u00edm vrcholem Uhuru&lt;\/p&gt;\n\" data-image-caption=\"&lt;p&gt;Kilimand\u017e\u00e1ro &amp;#8211; vulk\u00e1n Kibo s nejvy\u0161\u0161\u00edm vrcholem Uhuru&lt;\/p&gt;\n\" data-large-file=\"https:\/\/i0.wp.com\/www.vystupnakilimandzaro.cz\/wp-content\/uploads\/2018\/11\/Kilimanjaro-vulkan.jpg?fit=500%2C211&amp;ssl=1\" src=\"https:\/\/i0.wp.com\/www.vystupnakilimandzaro.cz\/wp-content\/uploads\/2018\/11\/Kilimanjaro-vulkan.jpg?resize=500%2C211\" alt=\"Kilimand\u017e\u00e1ro - vulk\u00e1n Kibo s nejvy\u0161\u0161\u00edm vrcholem Uhuru\" class=\"wp-image-151\" srcset=\"https:\/\/i0.wp.com\/www.vystupnakilimandzaro.cz\/wp-content\/uploads\/2018\/11\/Kilimanjaro-vulkan.jpg?w=500&amp;ssl=1 500w, https:\/\/i0.wp.com\/www.vystupnakilimandzaro.cz\/wp-content\/uploads\/2018\/11\/Kilimanjaro-vulkan.jpg?resize=300%2C127&amp;ssl=1 300w\" sizes=\"auto, (max-width: 500px) 100vw, 500px\" \/><figcaption>Kilimand\u017e\u00e1ro &#8211; vulk\u00e1n Kibo s nejvy\u0161\u0161\u00edm vrcholem Uhuru<\/figcaption><\/figure><\/div>\n\n\n\n<p>Hora Kilimand\u017e\u00e1ro je od roku 1973 sou\u010d\u00e1st\u00ed N\u00e1rodn\u00edho parku Kilimand\u017e\u00e1ro. V roce 1987 byla zdej\u0161\u00ed krajina prohl\u00e1\u0161ena sv\u011btov\u00fdm d\u011bdictv\u00edm UNESCO.<\/p>\n\n\n\n<p>Dal\u0161\u00ed jm\u00e9na pro tuto horu jsou: Uhuru, Kilima Dscharo, Oldoinyo Oibor (v masaj\u0161tin\u011b B\u00edl\u00e1 hora), a Kilima Njaro (svahilsky Sv\u00edt\u00edc\u00ed hora). V letech 1902 a\u017e 1964 b\u011bhem n\u011bmeck\u00e9 kolonizace Tanz\u00e1nie byla tak\u00e9 naz\u00fdv\u00e1na Kaiser-Wilhelm-Spitze \u010di Wilhelmskuppe (\u0161t\u00edt \u010di vrch c\u00edsa\u0159e Vil\u00e9ma).<\/p>\n\n\n\n<p>Pobl\u00ed\u017e se nach\u00e1z\u00ed&nbsp;mezin\u00e1rodn\u00ed leti\u0161t\u011b&nbsp;<a href=\"http:\/\/www.kilimanjaroairport.co.tz\/\" target=\"_blank\" rel=\"noopener noreferrer\">Kilimanjaro International Airport (KIA, JRO)<\/a>.<\/p>\n\n\n\n<h3 class=\"wp-block-heading\">Geologie<\/h3>\n\n\n\n<p>Kilimand\u017e\u00e1ro le\u017e\u00ed ve Velk\u00e9 p\u0159\u00edkopov\u00e9 propadlin\u011b, co\u017e je zlom t\u00e1hnouc\u00ed se Afrikou v d\u00e9lce asi 5000 km. P\u0159ed p\u016fl milionem let zde prob\u00edhala intenzivn\u00ed sope\u010dn\u00e1 \u010dinnost, jej\u00edm\u017e d\u016fsledkem byl mimo jin\u00e9 vznik masivu Kilimand\u017e\u00e1ra.<\/p>\n\n\n\n<h3 class=\"wp-block-heading\">Historie v\u00fdstup\u016f na Kilimand\u017e\u00e1ro<\/h3>\n\n\n\n<p>V roce 1848 dorazil k\u0159es\u0165ansk\u00fd mision\u00e1\u0159 J. Rebmann ke Kilimand\u017e\u00e1ru a na jej\u00edch vrcholu zahl\u00e9dl \u201en\u011bco pozoruhodn\u011b b\u00edl\u00e9ho\u201c. Lond\u00fdn\u0161t\u00ed zem\u011bpisci ale dlouho odm\u00edtali uv\u011b\u0159it, \u017ee je to sn\u00edh, co Rebmann na vrcholu hory spat\u0159il. V ka\u017ed\u00e9m p\u0159\u00edpad\u011b to ale vyvolalo v Evrop\u011b touhu po zdol\u00e1n\u00ed vrcholu Kilimand\u017e\u00e1ra.<\/p>\n\n\n\n<p>V roce 1861 podnikl prvn\u00ed pokus o zdol\u00e1n\u00ed hory n\u011bmeck\u00fd pr\u016fzkumn\u00edk a cestovatel Karl Klaus von der Decken a anglick\u00fd geolog Richard Thornton. Velmi brzy je ale zastavilo \u0161patn\u00e9 po\u010das\u00ed.\u00a0Von der Decken se n\u00e1sleduj\u00edc\u00edho roku do Tanzanie vr\u00e1til, tentokr\u00e1t v\u00a0doprovodu n\u011bmeck\u00e9ho cestovatele Otto Kerstena. Spole\u010dn\u011b vystoupili a\u017e do v\u00fd\u0161ky v\u00edc jak 4 000 metr\u016f, ale pot\u00e9 byli nuceni se znovu vzd\u00e1t z d\u016fvodu velmi nep\u0159\u00edzniv\u00e9ho po\u010das\u00ed. Otto Kersten ve sv\u00fdch pam\u011btech zmi\u0148uje tak\u00e9 neochotn\u00e9 nosi\u010de.<\/p>\n\n\n\n<p>Vrchol Kilimand\u017e\u00e1ra byl poprv\u00e9 zdol\u00e1n arm\u00e1dn\u00edm zv\u011bdem z kmene Marangu jm\u00e9nem Johannes Kinyala Lauwo (1871\u20131996), kter\u00fd vylezl na horu dev\u011btkr\u00e1t. Lauwo byl tak\u00e9 pr\u016fvodcem prvn\u00edch \u201eofici\u00e1ln\u00edch\u201c poko\u0159itel\u016f hory N\u011bmce Hanse Meyera a Raku\u0161ana Ludwiga Purtschellera 6. \u0159\u00edjna 1889.<\/p>\n\n\n\n<div class=\"wp-block-image size-full wp-image-149\"><figure class=\"aligncenter\"><img data-recalc-dims=\"1\" loading=\"lazy\" decoding=\"async\" width=\"499\" height=\"318\" data-attachment-id=\"149\" data-permalink=\"https:\/\/www.vystupnakilimandzaro.cz\/index.php\/o-kilimandzaru\/lauwo-guide\/\" data-orig-file=\"https:\/\/i0.wp.com\/www.vystupnakilimandzaro.cz\/wp-content\/uploads\/2018\/11\/Lauwo-guide.jpg?fit=499%2C318&amp;ssl=1\" data-orig-size=\"499,318\" data-comments-opened=\"1\" data-image-meta=\"{&quot;aperture&quot;:&quot;0&quot;,&quot;credit&quot;:&quot;&quot;,&quot;camera&quot;:&quot;&quot;,&quot;caption&quot;:&quot;&quot;,&quot;created_timestamp&quot;:&quot;0&quot;,&quot;copyright&quot;:&quot;&quot;,&quot;focal_length&quot;:&quot;0&quot;,&quot;iso&quot;:&quot;0&quot;,&quot;shutter_speed&quot;:&quot;0&quot;,&quot;title&quot;:&quot;&quot;,&quot;orientation&quot;:&quot;0&quot;}\" data-image-title=\"Johannes Kinyala Lauwo\" data-image-description=\"&lt;p&gt;Johannes Kinyala Lauwo&lt;\/p&gt;\n\" data-image-caption=\"&lt;p&gt;Johannes Kinyala Lauwo a jeho rodina&lt;\/p&gt;\n\" data-large-file=\"https:\/\/i0.wp.com\/www.vystupnakilimandzaro.cz\/wp-content\/uploads\/2018\/11\/Lauwo-guide.jpg?fit=499%2C318&amp;ssl=1\" src=\"https:\/\/i0.wp.com\/www.vystupnakilimandzaro.cz\/wp-content\/uploads\/2018\/11\/Lauwo-guide.jpg?resize=499%2C318\" alt=\"Johannes Kinyala Lauwo\" class=\"wp-image-149\" srcset=\"https:\/\/i0.wp.com\/www.vystupnakilimandzaro.cz\/wp-content\/uploads\/2018\/11\/Lauwo-guide.jpg?w=499&amp;ssl=1 499w, https:\/\/i0.wp.com\/www.vystupnakilimandzaro.cz\/wp-content\/uploads\/2018\/11\/Lauwo-guide.jpg?resize=300%2C191&amp;ssl=1 300w\" sizes=\"auto, (max-width: 499px) 100vw, 499px\" \/><figcaption>Johannes Kinyala Lauwo a jeho rodina<\/figcaption><\/figure><\/div>\n\n\n\n<h3 class=\"wp-block-heading\">Klima v r\u016fzn\u00fdch v\u00fd\u0161k\u00e1ch<\/h3>\n\n\n\n<p>Na svaz\u00edch Kilimand\u017e\u00e1ra se nach\u00e1z\u00ed n\u011bkolik klimatick\u00fdch p\u00e1sem s jim p\u0159\u00edslu\u0161nou vegetac\u00ed.<\/p>\n\n\n\n<ul class=\"wp-block-list\"><li>1400\u20131800 m n. m. \u2013 kultivovan\u00e1 krajina, v n\u00ed\u017e se d\u00edky vysok\u00fdm sr\u00e1\u017ek\u00e1m a vulkanick\u00e9 p\u016fd\u011b dob\u0159e da\u0159\u00ed zem\u011bd\u011blsk\u00fdm plodin\u00e1m.<\/li><li>1800\u20132900 m n. m. \u2013 v tomto p\u00e1smu n\u00e1sleduje divok\u00fd horsk\u00fd de\u0161tn\u00fd prales s velmi vysok\u00fdmi sr\u00e1\u017ekami.<\/li><li>2900\u20133300 m n. m. \u2013 v t\u011bchto v\u00fd\u0161k\u00e1ch se nal\u00e9z\u00e1 p\u00e1smo v\u0159esovi\u0161\u0165. Ve spodn\u00ed \u010d\u00e1sti p\u00e1sma p\u0159eva\u017euje nevl\u00eddn\u00e9 po\u010das\u00ed s mlhami a de\u0161\u0165ov\u00fdmi \u010di kroupov\u00fdmi p\u0159eh\u00e1\u0148kami.<\/li><li>3300\u20134000 m n. m. \u2013 zde je ji\u017e chladn\u011bj\u0161\u00ed a jasn\u011bj\u0161\u00ed po\u010das\u00ed. Daleko v\u00edce zde sv\u00edt\u00ed slunce. Ustupuj\u00ed mlhy. Rostou zde unik\u00e1tn\u00ed rostliny.<\/li><li>4000\u20134800 m n. m. \u2013 v tomto p\u00e1smu jsou ji\u017e velmi tvrd\u00e9 podm\u00ednky. Teploty v noci klesaj\u00ed pod bod mrazu a ve dne se \u0161plhaj\u00ed i na 35 \u00b0C. Rostou zde jen li\u0161ejn\u00edky a mechov\u00e9 porosty.<\/li><li>nad 4800 \u2013 nad touto v\u00fd\u0161kou panuj\u00ed ji\u017e arktick\u00e9 podm\u00ednky. \u010c\u00e1ste\u010dn\u011b jsou zde ledovce a sn\u00edh, vegetace \u017e\u00e1dn\u00e1. Ledovce st\u00e9kaj\u00ed do v\u00fd\u0161ky zhruba 4270 m n. m.<\/li><\/ul>\n\n\n\n<div class=\"wp-block-image wp-image-152 size-full\"><figure class=\"aligncenter\"><img data-recalc-dims=\"1\" loading=\"lazy\" decoding=\"async\" width=\"496\" height=\"338\" data-attachment-id=\"152\" data-permalink=\"https:\/\/www.vystupnakilimandzaro.cz\/index.php\/o-kilimandzaru\/kilimandzaro-masif\/\" data-orig-file=\"https:\/\/i0.wp.com\/www.vystupnakilimandzaro.cz\/wp-content\/uploads\/2018\/11\/Kilimandzaro-masif.jpg?fit=496%2C338&amp;ssl=1\" data-orig-size=\"496,338\" data-comments-opened=\"1\" data-image-meta=\"{&quot;aperture&quot;:&quot;0&quot;,&quot;credit&quot;:&quot;&quot;,&quot;camera&quot;:&quot;&quot;,&quot;caption&quot;:&quot;&quot;,&quot;created_timestamp&quot;:&quot;0&quot;,&quot;copyright&quot;:&quot;&quot;,&quot;focal_length&quot;:&quot;0&quot;,&quot;iso&quot;:&quot;0&quot;,&quot;shutter_speed&quot;:&quot;0&quot;,&quot;title&quot;:&quot;&quot;,&quot;orientation&quot;:&quot;0&quot;}\" data-image-title=\"Kilimand\u017e\u00e1ro\" data-image-description=\"&lt;p&gt;Kilimand\u017e\u00e1ro&lt;\/p&gt;\n\" data-image-caption=\"\" data-large-file=\"https:\/\/i0.wp.com\/www.vystupnakilimandzaro.cz\/wp-content\/uploads\/2018\/11\/Kilimandzaro-masif.jpg?fit=496%2C338&amp;ssl=1\" src=\"https:\/\/i0.wp.com\/www.vystupnakilimandzaro.cz\/wp-content\/uploads\/2018\/11\/Kilimandzaro-masif.jpg?resize=496%2C338\" alt=\"Kilimand\u017e\u00e1ro\" class=\"wp-image-152\" srcset=\"https:\/\/i0.wp.com\/www.vystupnakilimandzaro.cz\/wp-content\/uploads\/2018\/11\/Kilimandzaro-masif.jpg?w=496&amp;ssl=1 496w, https:\/\/i0.wp.com\/www.vystupnakilimandzaro.cz\/wp-content\/uploads\/2018\/11\/Kilimandzaro-masif.jpg?resize=300%2C204&amp;ssl=1 300w\" sizes=\"auto, (max-width: 496px) 100vw, 496px\" \/><figcaption>Klimatick\u00e1 p\u00e1sma na Kilimand\u017e\u00e1ru<\/figcaption><\/figure><\/div>\n\n\n\n<h3 class=\"wp-block-heading\">Vrcholov\u00fd kr\u00e1ter<\/h3>\n\n\n\n<p>Vulk\u00e1n Kibo m\u00e1 vrcholov\u00fd kr\u00e1ter o pr\u016fm\u011bru 2,4 km s hloubkou a\u017e 300 metr\u016f. Nejvy\u0161\u0161\u00ed bod na okraji kr\u00e1teru se naz\u00fdv\u00e1 Uhuru Peak. V\u011bdci zjistili, \u017ee v roce 2003 byla tekut\u00e1 l\u00e1va jenom 400 metr\u016f pod \u0161pi\u010dkou kr\u00e1teru. I kdy\u017e se \u017e\u00e1dn\u00e1 nov\u00e1 vulkanick\u00e1 \u010dinnost neo\u010dek\u00e1v\u00e1, p\u0159ece jenom jsou na m\u00edst\u011b obavy z toho, \u017ee se \u010d\u00e1sti hory m\u016f\u017eou z\u0159\u00edtit. M\u00edstn\u00ed legendy hovo\u0159\u00ed o \u010dinn\u00e9 aktivit\u011b p\u0159ed 170 lety. Dva dal\u0161\u00ed zanikl\u00e9 vulk\u00e1ny jsou Mawenzi (5 149 m n. m.), t\u0159et\u00ed nejvy\u0161\u0161\u00ed vrchol Afriky (po Kilimand\u017e\u00e1ru a Mount Kenya), a vulk\u00e1n Shira (3962 m n. m.)<\/p>\n\n\n\n<div class=\"wp-block-image size-full wp-image-162\"><figure class=\"aligncenter\"><img data-recalc-dims=\"1\" loading=\"lazy\" decoding=\"async\" width=\"501\" height=\"381\" data-attachment-id=\"162\" data-permalink=\"https:\/\/www.vystupnakilimandzaro.cz\/index.php\/o-kilimandzaru\/uhuru-peak\/\" data-orig-file=\"https:\/\/i0.wp.com\/www.vystupnakilimandzaro.cz\/wp-content\/uploads\/2018\/11\/uhuru-peak.jpg?fit=501%2C381&amp;ssl=1\" data-orig-size=\"501,381\" data-comments-opened=\"1\" data-image-meta=\"{&quot;aperture&quot;:&quot;0&quot;,&quot;credit&quot;:&quot;&quot;,&quot;camera&quot;:&quot;&quot;,&quot;caption&quot;:&quot;&quot;,&quot;created_timestamp&quot;:&quot;0&quot;,&quot;copyright&quot;:&quot;&quot;,&quot;focal_length&quot;:&quot;0&quot;,&quot;iso&quot;:&quot;0&quot;,&quot;shutter_speed&quot;:&quot;0&quot;,&quot;title&quot;:&quot;&quot;,&quot;orientation&quot;:&quot;0&quot;}\" data-image-title=\"Vrchol Uhuru\" data-image-description=\"&lt;p&gt;Vrchol Uhuru&lt;\/p&gt;\n\" data-image-caption=\"&lt;p&gt;Vrchol Uhuru&lt;\/p&gt;\n\" data-large-file=\"https:\/\/i0.wp.com\/www.vystupnakilimandzaro.cz\/wp-content\/uploads\/2018\/11\/uhuru-peak.jpg?fit=501%2C381&amp;ssl=1\" src=\"https:\/\/i0.wp.com\/www.vystupnakilimandzaro.cz\/wp-content\/uploads\/2018\/11\/uhuru-peak.jpg?resize=501%2C381\" alt=\"Vrchol Uhuru\" class=\"wp-image-162\" srcset=\"https:\/\/i0.wp.com\/www.vystupnakilimandzaro.cz\/wp-content\/uploads\/2018\/11\/uhuru-peak.jpg?w=501&amp;ssl=1 501w, https:\/\/i0.wp.com\/www.vystupnakilimandzaro.cz\/wp-content\/uploads\/2018\/11\/uhuru-peak.jpg?resize=300%2C228&amp;ssl=1 300w\" sizes=\"auto, (max-width: 501px) 100vw, 501px\" \/><figcaption>Vrchol Uhuru<\/figcaption><\/figure><\/div>\n\n\n\n<h3 class=\"wp-block-heading\">V\u00fdstupov\u00e9 trasy na Kilimand\u017e\u00e1ro<\/h3>\n\n\n\n<p>K dosa\u017een\u00ed vrcholu Kilimand\u017e\u00e1ra je mo\u017en\u00e9 vyu\u017e\u00edt n\u011bkterou z \u0161esti z\u00e1kladn\u00edch tras: Marangu (v\u00fdchodn\u00ed), Mweka (ji\u017en\u00ed), Umbwe (ji\u017en\u00ed), Lemosho\/Shira (z\u00e1padn\u00ed), Rongai (severn\u00ed) a Machame (ji\u017en\u00ed). Kolem 90 % turist\u016f vystupuje na vrchol po trase Marangu (tzv. trasa Coca-Cola). Jako jedin\u00e1 je vybavena na v\u0161ech sv\u00fdch stanovi\u0161t\u00edch chatami a nocleh\u00e1rnami. Obvykl\u00fd v\u00fdstup zabere 5\u20136 dn\u016f. V\u00edce o mo\u017en\u00fdch tras\u00e1ch v\u00fdstupu na str\u00e1nce najdete na str\u00e1nce&nbsp;<a href=\"http:\/\/www.vystupnakilimandzaro.cz\/index.php\/kterou-trasou\/\" target=\"_blank\" rel=\"noopener noreferrer\">Kterou trasou?<\/a><\/p>\n\n\n\n<div class=\"wp-block-image size-full wp-image-159\"><figure class=\"aligncenter\"><img data-recalc-dims=\"1\" loading=\"lazy\" decoding=\"async\" width=\"496\" height=\"344\" data-attachment-id=\"159\" data-permalink=\"https:\/\/www.vystupnakilimandzaro.cz\/index.php\/o-kilimandzaru\/kilimanjaro-routes1\/\" data-orig-file=\"https:\/\/i0.wp.com\/www.vystupnakilimandzaro.cz\/wp-content\/uploads\/2018\/11\/kilimanjaro-routes1.png?fit=496%2C344&amp;ssl=1\" data-orig-size=\"496,344\" data-comments-opened=\"1\" data-image-meta=\"{&quot;aperture&quot;:&quot;0&quot;,&quot;credit&quot;:&quot;&quot;,&quot;camera&quot;:&quot;&quot;,&quot;caption&quot;:&quot;&quot;,&quot;created_timestamp&quot;:&quot;0&quot;,&quot;copyright&quot;:&quot;&quot;,&quot;focal_length&quot;:&quot;0&quot;,&quot;iso&quot;:&quot;0&quot;,&quot;shutter_speed&quot;:&quot;0&quot;,&quot;title&quot;:&quot;&quot;,&quot;orientation&quot;:&quot;0&quot;}\" data-image-title=\"V\u00fdstupov\u00e9 trasy na Kilimand\u017e\u00e1ro\" data-image-description=\"&lt;p&gt;V\u00fdstupov\u00e9 trasy na Kilimand\u017e\u00e1ro&lt;\/p&gt;\n\" data-image-caption=\"&lt;p&gt;V\u00fdstupov\u00e9 trasy na Kilimand\u017e\u00e1ro&lt;\/p&gt;\n\" data-large-file=\"https:\/\/i0.wp.com\/www.vystupnakilimandzaro.cz\/wp-content\/uploads\/2018\/11\/kilimanjaro-routes1.png?fit=496%2C344&amp;ssl=1\" src=\"https:\/\/i0.wp.com\/www.vystupnakilimandzaro.cz\/wp-content\/uploads\/2018\/11\/kilimanjaro-routes1.png?resize=496%2C344\" alt=\"V\u00fdstupov\u00e9 trasy na Kilimand\u017e\u00e1ro\" class=\"wp-image-159\" srcset=\"https:\/\/i0.wp.com\/www.vystupnakilimandzaro.cz\/wp-content\/uploads\/2018\/11\/kilimanjaro-routes1.png?w=496&amp;ssl=1 496w, https:\/\/i0.wp.com\/www.vystupnakilimandzaro.cz\/wp-content\/uploads\/2018\/11\/kilimanjaro-routes1.png?resize=300%2C208&amp;ssl=1 300w\" sizes=\"auto, (max-width: 496px) 100vw, 496px\" \/><figcaption>V\u00fdstupov\u00e9 trasy na Kilimand\u017e\u00e1ro<\/figcaption><\/figure><\/div>\n\n\n\n<h3 class=\"wp-block-heading\">Flora na Kilimand\u017e\u00e1ru<\/h3>\n\n\n\n<p>Ve v\u00fd\u0161ce 3300\u20134000 m n. m. rostou senecie (stromov\u00e9 star\u010deky), lob\u00e9lie (lobelky), protei a dal\u0161\u00ed rostliny. Senecie dosahuj\u00ed v\u00fd\u0161ky a\u017e p\u011bti metr\u016f, co\u017e je sv\u011btov\u00fd unik\u00e1t. Takto obrovsk\u00e9 exempl\u00e1\u0159e se vyskytuj\u00ed pr\u00e1v\u011b jen u africk\u00fdch p\u011btitis\u00edcovek.<\/p>\n\n\n\n<div class=\"wp-block-image size-full wp-image-150\"><figure class=\"aligncenter\"><img data-recalc-dims=\"1\" loading=\"lazy\" decoding=\"async\" width=\"498\" height=\"228\" data-attachment-id=\"150\" data-permalink=\"https:\/\/www.vystupnakilimandzaro.cz\/index.php\/o-kilimandzaru\/senecie-flora\/\" data-orig-file=\"https:\/\/i0.wp.com\/www.vystupnakilimandzaro.cz\/wp-content\/uploads\/2018\/11\/Senecie-flora.jpg?fit=498%2C228&amp;ssl=1\" data-orig-size=\"498,228\" data-comments-opened=\"1\" data-image-meta=\"{&quot;aperture&quot;:&quot;0&quot;,&quot;credit&quot;:&quot;&quot;,&quot;camera&quot;:&quot;&quot;,&quot;caption&quot;:&quot;&quot;,&quot;created_timestamp&quot;:&quot;0&quot;,&quot;copyright&quot;:&quot;&quot;,&quot;focal_length&quot;:&quot;0&quot;,&quot;iso&quot;:&quot;0&quot;,&quot;shutter_speed&quot;:&quot;0&quot;,&quot;title&quot;:&quot;&quot;,&quot;orientation&quot;:&quot;0&quot;}\" data-image-title=\"Senecie (stromov\u00e9 star\u010deky)\" data-image-description=\"&lt;p&gt;Senecie (stromov\u00e9 star\u010deky)&lt;\/p&gt;\n\" data-image-caption=\"&lt;p&gt;Senecie (stromov\u00e9 star\u010deky)&lt;\/p&gt;\n\" data-large-file=\"https:\/\/i0.wp.com\/www.vystupnakilimandzaro.cz\/wp-content\/uploads\/2018\/11\/Senecie-flora.jpg?fit=498%2C228&amp;ssl=1\" src=\"https:\/\/i0.wp.com\/www.vystupnakilimandzaro.cz\/wp-content\/uploads\/2018\/11\/Senecie-flora.jpg?resize=498%2C228\" alt=\"Senecie (stromov\u00e9 star\u010deky)\" class=\"wp-image-150\" srcset=\"https:\/\/i0.wp.com\/www.vystupnakilimandzaro.cz\/wp-content\/uploads\/2018\/11\/Senecie-flora.jpg?w=498&amp;ssl=1 498w, https:\/\/i0.wp.com\/www.vystupnakilimandzaro.cz\/wp-content\/uploads\/2018\/11\/Senecie-flora.jpg?resize=300%2C137&amp;ssl=1 300w\" sizes=\"auto, (max-width: 498px) 100vw, 498px\" \/><figcaption>Senecie (stromov\u00e9 star\u010deky)<\/figcaption><\/figure><\/div>\n\n\n\n<h3 class=\"wp-block-heading\">Kilimand\u017e\u00e1ro v kultu\u0159e<\/h3>\n\n\n\n<ul class=\"wp-block-list\"><li>Kilimand\u017e\u00e1ro se vyskytuje v d\u00edle Julese Vernea P\u011bt ned\u011bl v balon\u011b.<\/li><li>Ji\u0159\u00ed Hanzelka a Miroslav Zikmund napsali report\u00e1\u017e o sv\u00e9m v\u00fdstupu na Kilimand\u017e\u00e1ro, vy\u0161la kni\u017en\u011b pod n\u00e1zvem S \u010deskoslovenskou vlajkou na Kilimand\u017e\u00e1ro.<\/li><li>Masiv Kilimand\u017e\u00e1ro je zm\u00edn\u011bn ve v\u011bdeckofantastick\u00e9m rom\u00e1nu Roberta A. Heinleina M\u011bs\u00edc je drsn\u00e1 milenka.<\/li><li>Ian McDonald napsal pov\u00eddku s n\u00e1zvem Ke Kilimand\u017e\u00e1ru (anglicky Toward Kilimanjaro).<\/li><li>Mike Resnick napsal pov\u00eddku s n\u00e1zvem Kilimand\u017e\u00e1ro: Bajka o Utopii (anglicky Kilimanjaro: A Fable of Utopia).<\/li><li>Ray Bradbury napsal pov\u00eddku s n\u00e1zvem Stroj Kilimand\u017e\u00e1ro (anglicky The Kilimanjaro Device nebo The Kilimanjaro Machine)<\/li><\/ul>\n\n\n\n<div class=\"wp-block-image size-full wp-image-164\"><figure class=\"aligncenter\"><img data-recalc-dims=\"1\" loading=\"lazy\" decoding=\"async\" width=\"501\" height=\"465\" data-attachment-id=\"164\" data-permalink=\"https:\/\/www.vystupnakilimandzaro.cz\/index.php\/o-kilimandzaru\/s-ceskoslovenskou-vlajkou\/\" data-orig-file=\"https:\/\/i0.wp.com\/www.vystupnakilimandzaro.cz\/wp-content\/uploads\/2018\/11\/S-Ceskoslovenskou-vlajkou.jpg?fit=501%2C465&amp;ssl=1\" data-orig-size=\"501,465\" data-comments-opened=\"1\" data-image-meta=\"{&quot;aperture&quot;:&quot;0&quot;,&quot;credit&quot;:&quot;&quot;,&quot;camera&quot;:&quot;&quot;,&quot;caption&quot;:&quot;&quot;,&quot;created_timestamp&quot;:&quot;0&quot;,&quot;copyright&quot;:&quot;&quot;,&quot;focal_length&quot;:&quot;0&quot;,&quot;iso&quot;:&quot;0&quot;,&quot;shutter_speed&quot;:&quot;0&quot;,&quot;title&quot;:&quot;&quot;,&quot;orientation&quot;:&quot;0&quot;}\" data-image-title=\"S \u010ceskoslovenskou vlajkou na Kilimand\u017e\u00e1ro\" data-image-description=\"&lt;p&gt;S \u010ceskoslovenskou vlajkou na Kilimand\u017e\u00e1ro&lt;\/p&gt;\n\" data-image-caption=\"&lt;p&gt;S \u010ceskoslovenskou vlajkou na Kilimand\u017e\u00e1ro&lt;\/p&gt;\n\" data-large-file=\"https:\/\/i0.wp.com\/www.vystupnakilimandzaro.cz\/wp-content\/uploads\/2018\/11\/S-Ceskoslovenskou-vlajkou.jpg?fit=501%2C465&amp;ssl=1\" src=\"https:\/\/i0.wp.com\/www.vystupnakilimandzaro.cz\/wp-content\/uploads\/2018\/11\/S-Ceskoslovenskou-vlajkou.jpg?resize=501%2C465\" alt=\"S \u010ceskoslovenskou vlajkou na Kilimand\u017e\u00e1ro\" class=\"wp-image-164\" srcset=\"https:\/\/i0.wp.com\/www.vystupnakilimandzaro.cz\/wp-content\/uploads\/2018\/11\/S-Ceskoslovenskou-vlajkou.jpg?w=501&amp;ssl=1 501w, https:\/\/i0.wp.com\/www.vystupnakilimandzaro.cz\/wp-content\/uploads\/2018\/11\/S-Ceskoslovenskou-vlajkou.jpg?resize=300%2C278&amp;ssl=1 300w\" sizes=\"auto, (max-width: 501px) 100vw, 501px\" \/><figcaption>S \u010ceskoslovenskou vlajkou na Kilimand\u017e\u00e1ro<\/figcaption><\/figure><\/div>\n","protected":false},"excerpt":{"rendered":"<p>Kilimand\u017e\u00e1ro je horsk\u00fd masiv nach\u00e1zej\u00edc\u00ed se v Tanzanii t\u00e9m\u011b\u0159 na rovn\u00edku pobl\u00ed\u017e m\u011bsta Moshi p\u0159i hranici s Ke\u0148ou. Skl\u00e1d\u00e1 se ze t\u0159\u00ed dnes u\u017e ne\u010dinn\u00fdch vulk\u00e1n\u016f \u2013 Shira, Mawenzi a Kibo. Na vulk\u00e1nu Kibo se ve v\u00fd\u0161ce 5895 m n. m nach\u00e1z\u00ed nejvy\u0161\u0161\u00ed bod Tanzanie a z\u00e1rove\u0148 cel\u00e9ho Africk\u00e9ho kontinentu \u2013 vrchol Uhuru (\u010desky vrchol &hellip; <\/p>\n<p class=\"link-more\"><a href=\"https:\/\/www.vystupnakilimandzaro.cz\/index.php\/o-kilimandzaru\/\" class=\"more-link\">Pokra\u010dovat ve \u010dten\u00ed<span class=\"screen-reader-text\"> &#8222;O Kilimand\u017e\u00e1ru&#8220;<\/span><\/a><\/p>\n","protected":false},"author":1,"featured_media":0,"parent":0,"menu_order":6,"comment_status":"closed","ping_status":"closed","template":"","meta":{"_monsterinsights_skip_tracking":false,"_monsterinsights_sitenote_active":false,"_monsterinsights_sitenote_note":"","_monsterinsights_sitenote_category":0,"footnotes":""},"class_list":["post-140","page","type-page","status-publish","hentry"],"yoast_head":"<!-- This site is optimized with the Yoast SEO plugin v27.5 - https:\/\/yoast.com\/product\/yoast-seo-wordpress\/ -->\n<title>O Kilimand\u017e\u00e1ru - V\u00fdstup na Kilimand\u017e\u00e1ro<\/title>\n<meta name=\"robots\" content=\"index, follow, max-snippet:-1, max-image-preview:large, max-video-preview:-1\" \/>\n<link rel=\"canonical\" href=\"https:\/\/www.vystupnakilimandzaro.cz\/index.php\/o-kilimandzaru\/\" \/>\n<meta property=\"og:locale\" content=\"cs_CZ\" \/>\n<meta property=\"og:type\" content=\"article\" \/>\n<meta property=\"og:title\" content=\"O Kilimand\u017e\u00e1ru - V\u00fdstup na Kilimand\u017e\u00e1ro\" \/>\n<meta property=\"og:description\" content=\"Kilimand\u017e\u00e1ro je horsk\u00fd masiv nach\u00e1zej\u00edc\u00ed se v Tanzanii t\u00e9m\u011b\u0159 na rovn\u00edku pobl\u00ed\u017e m\u011bsta Moshi p\u0159i hranici s Ke\u0148ou. Skl\u00e1d\u00e1 se ze t\u0159\u00ed dnes u\u017e ne\u010dinn\u00fdch vulk\u00e1n\u016f \u2013 Shira, Mawenzi a Kibo. Na vulk\u00e1nu Kibo se ve v\u00fd\u0161ce 5895 m n. m nach\u00e1z\u00ed nejvy\u0161\u0161\u00ed bod Tanzanie a z\u00e1rove\u0148 cel\u00e9ho Africk\u00e9ho kontinentu \u2013 vrchol Uhuru (\u010desky vrchol &hellip; Pokra\u010dovat ve \u010dten\u00ed &quot;O Kilimand\u017e\u00e1ru&quot;\" \/>\n<meta property=\"og:url\" content=\"https:\/\/www.vystupnakilimandzaro.cz\/index.php\/o-kilimandzaru\/\" \/>\n<meta property=\"og:site_name\" content=\"V\u00fdstup na Kilimand\u017e\u00e1ro\" \/>\n<meta property=\"article:modified_time\" content=\"2020-08-12T10:51:54+00:00\" \/>\n<meta property=\"og:image\" content=\"http:\/\/www.vystupnakilimandzaro.cz\/wp-content\/uploads\/2018\/11\/Kilimanjaro-vulkan.jpg\" \/>\n<meta name=\"twitter:card\" content=\"summary_large_image\" \/>\n<meta name=\"twitter:label1\" content=\"Odhadovan\u00e1 doba \u010dten\u00ed\" \/>\n\t<meta name=\"twitter:data1\" content=\"5 minut\" \/>\n<script type=\"application\/ld+json\" class=\"yoast-schema-graph\">{\"@context\":\"https:\\\/\\\/schema.org\",\"@graph\":[{\"@type\":\"WebPage\",\"@id\":\"https:\\\/\\\/www.vystupnakilimandzaro.cz\\\/index.php\\\/o-kilimandzaru\\\/\",\"url\":\"https:\\\/\\\/www.vystupnakilimandzaro.cz\\\/index.php\\\/o-kilimandzaru\\\/\",\"name\":\"O Kilimand\u017e\u00e1ru - V\u00fdstup na Kilimand\u017e\u00e1ro\",\"isPartOf\":{\"@id\":\"https:\\\/\\\/www.vystupnakilimandzaro.cz\\\/#website\"},\"primaryImageOfPage\":{\"@id\":\"https:\\\/\\\/www.vystupnakilimandzaro.cz\\\/index.php\\\/o-kilimandzaru\\\/#primaryimage\"},\"image\":{\"@id\":\"https:\\\/\\\/www.vystupnakilimandzaro.cz\\\/index.php\\\/o-kilimandzaru\\\/#primaryimage\"},\"thumbnailUrl\":\"http:\\\/\\\/www.vystupnakilimandzaro.cz\\\/wp-content\\\/uploads\\\/2018\\\/11\\\/Kilimanjaro-vulkan.jpg\",\"datePublished\":\"2018-11-09T14:49:00+00:00\",\"dateModified\":\"2020-08-12T10:51:54+00:00\",\"breadcrumb\":{\"@id\":\"https:\\\/\\\/www.vystupnakilimandzaro.cz\\\/index.php\\\/o-kilimandzaru\\\/#breadcrumb\"},\"inLanguage\":\"cs\",\"potentialAction\":[{\"@type\":\"ReadAction\",\"target\":[\"https:\\\/\\\/www.vystupnakilimandzaro.cz\\\/index.php\\\/o-kilimandzaru\\\/\"]}]},{\"@type\":\"ImageObject\",\"inLanguage\":\"cs\",\"@id\":\"https:\\\/\\\/www.vystupnakilimandzaro.cz\\\/index.php\\\/o-kilimandzaru\\\/#primaryimage\",\"url\":\"http:\\\/\\\/www.vystupnakilimandzaro.cz\\\/wp-content\\\/uploads\\\/2018\\\/11\\\/Kilimanjaro-vulkan.jpg\",\"contentUrl\":\"http:\\\/\\\/www.vystupnakilimandzaro.cz\\\/wp-content\\\/uploads\\\/2018\\\/11\\\/Kilimanjaro-vulkan.jpg\"},{\"@type\":\"BreadcrumbList\",\"@id\":\"https:\\\/\\\/www.vystupnakilimandzaro.cz\\\/index.php\\\/o-kilimandzaru\\\/#breadcrumb\",\"itemListElement\":[{\"@type\":\"ListItem\",\"position\":1,\"name\":\"Dom\u016f\",\"item\":\"https:\\\/\\\/www.vystupnakilimandzaro.cz\\\/\"},{\"@type\":\"ListItem\",\"position\":2,\"name\":\"O Kilimand\u017e\u00e1ru\"}]},{\"@type\":\"WebSite\",\"@id\":\"https:\\\/\\\/www.vystupnakilimandzaro.cz\\\/#website\",\"url\":\"https:\\\/\\\/www.vystupnakilimandzaro.cz\\\/\",\"name\":\"V\u00fdstup na Kilimand\u017e\u00e1ro\",\"description\":\"V\u0161e, co jste cht\u011bli v\u011bd\u011bt o v\u00fdstupu na Kilimand\u017e\u00e1ro.\",\"potentialAction\":[{\"@type\":\"SearchAction\",\"target\":{\"@type\":\"EntryPoint\",\"urlTemplate\":\"https:\\\/\\\/www.vystupnakilimandzaro.cz\\\/?s={search_term_string}\"},\"query-input\":{\"@type\":\"PropertyValueSpecification\",\"valueRequired\":true,\"valueName\":\"search_term_string\"}}],\"inLanguage\":\"cs\"}]}<\/script>\n<!-- \/ Yoast SEO plugin. -->","yoast_head_json":{"title":"O Kilimand\u017e\u00e1ru - V\u00fdstup na Kilimand\u017e\u00e1ro","robots":{"index":"index","follow":"follow","max-snippet":"max-snippet:-1","max-image-preview":"max-image-preview:large","max-video-preview":"max-video-preview:-1"},"canonical":"https:\/\/www.vystupnakilimandzaro.cz\/index.php\/o-kilimandzaru\/","og_locale":"cs_CZ","og_type":"article","og_title":"O Kilimand\u017e\u00e1ru - V\u00fdstup na Kilimand\u017e\u00e1ro","og_description":"Kilimand\u017e\u00e1ro je horsk\u00fd masiv nach\u00e1zej\u00edc\u00ed se v Tanzanii t\u00e9m\u011b\u0159 na rovn\u00edku pobl\u00ed\u017e m\u011bsta Moshi p\u0159i hranici s Ke\u0148ou. Skl\u00e1d\u00e1 se ze t\u0159\u00ed dnes u\u017e ne\u010dinn\u00fdch vulk\u00e1n\u016f \u2013 Shira, Mawenzi a Kibo. Na vulk\u00e1nu Kibo se ve v\u00fd\u0161ce 5895 m n. m nach\u00e1z\u00ed nejvy\u0161\u0161\u00ed bod Tanzanie a z\u00e1rove\u0148 cel\u00e9ho Africk\u00e9ho kontinentu \u2013 vrchol Uhuru (\u010desky vrchol &hellip; Pokra\u010dovat ve \u010dten\u00ed \"O Kilimand\u017e\u00e1ru\"","og_url":"https:\/\/www.vystupnakilimandzaro.cz\/index.php\/o-kilimandzaru\/","og_site_name":"V\u00fdstup na Kilimand\u017e\u00e1ro","article_modified_time":"2020-08-12T10:51:54+00:00","og_image":[{"url":"http:\/\/www.vystupnakilimandzaro.cz\/wp-content\/uploads\/2018\/11\/Kilimanjaro-vulkan.jpg","type":"","width":"","height":""}],"twitter_card":"summary_large_image","twitter_misc":{"Odhadovan\u00e1 doba \u010dten\u00ed":"5 minut"},"schema":{"@context":"https:\/\/schema.org","@graph":[{"@type":"WebPage","@id":"https:\/\/www.vystupnakilimandzaro.cz\/index.php\/o-kilimandzaru\/","url":"https:\/\/www.vystupnakilimandzaro.cz\/index.php\/o-kilimandzaru\/","name":"O Kilimand\u017e\u00e1ru - V\u00fdstup na Kilimand\u017e\u00e1ro","isPartOf":{"@id":"https:\/\/www.vystupnakilimandzaro.cz\/#website"},"primaryImageOfPage":{"@id":"https:\/\/www.vystupnakilimandzaro.cz\/index.php\/o-kilimandzaru\/#primaryimage"},"image":{"@id":"https:\/\/www.vystupnakilimandzaro.cz\/index.php\/o-kilimandzaru\/#primaryimage"},"thumbnailUrl":"http:\/\/www.vystupnakilimandzaro.cz\/wp-content\/uploads\/2018\/11\/Kilimanjaro-vulkan.jpg","datePublished":"2018-11-09T14:49:00+00:00","dateModified":"2020-08-12T10:51:54+00:00","breadcrumb":{"@id":"https:\/\/www.vystupnakilimandzaro.cz\/index.php\/o-kilimandzaru\/#breadcrumb"},"inLanguage":"cs","potentialAction":[{"@type":"ReadAction","target":["https:\/\/www.vystupnakilimandzaro.cz\/index.php\/o-kilimandzaru\/"]}]},{"@type":"ImageObject","inLanguage":"cs","@id":"https:\/\/www.vystupnakilimandzaro.cz\/index.php\/o-kilimandzaru\/#primaryimage","url":"http:\/\/www.vystupnakilimandzaro.cz\/wp-content\/uploads\/2018\/11\/Kilimanjaro-vulkan.jpg","contentUrl":"http:\/\/www.vystupnakilimandzaro.cz\/wp-content\/uploads\/2018\/11\/Kilimanjaro-vulkan.jpg"},{"@type":"BreadcrumbList","@id":"https:\/\/www.vystupnakilimandzaro.cz\/index.php\/o-kilimandzaru\/#breadcrumb","itemListElement":[{"@type":"ListItem","position":1,"name":"Dom\u016f","item":"https:\/\/www.vystupnakilimandzaro.cz\/"},{"@type":"ListItem","position":2,"name":"O Kilimand\u017e\u00e1ru"}]},{"@type":"WebSite","@id":"https:\/\/www.vystupnakilimandzaro.cz\/#website","url":"https:\/\/www.vystupnakilimandzaro.cz\/","name":"V\u00fdstup na Kilimand\u017e\u00e1ro","description":"V\u0161e, co jste cht\u011bli v\u011bd\u011bt o v\u00fdstupu na Kilimand\u017e\u00e1ro.","potentialAction":[{"@type":"SearchAction","target":{"@type":"EntryPoint","urlTemplate":"https:\/\/www.vystupnakilimandzaro.cz\/?s={search_term_string}"},"query-input":{"@type":"PropertyValueSpecification","valueRequired":true,"valueName":"search_term_string"}}],"inLanguage":"cs"}]}},"jetpack_sharing_enabled":true,"jetpack_shortlink":"https:\/\/wp.me\/Paqe9Q-2g","jetpack-related-posts":[{"id":13,"url":"https:\/\/www.vystupnakilimandzaro.cz\/","url_meta":{"origin":140,"position":0},"title":"V\u00fdstup na Kilimand\u017e\u00e1ro","author":"vystupnaki","date":"4 listopadu, 2018","format":false,"excerpt":"\u00dasp\u011b\u0161n\u00fd v\u00fdstup na Kilimand\u017e\u00e1ro Jsme parta \u010dty\u0159 nad\u0161enc\u016f, kte\u0159\u00ed si splnili sv\u016fj sen a v roce 2018 podnikli \u00fasp\u011b\u0161n\u00fd v\u00fdstup na Kilimand\u017e\u00e1ro (Kilimanjaro). Nebylo to \u00fapln\u011b bez obt\u00ed\u017e\u00ed, ale v\u0161ichni jsme se nakonec dostali na prvn\u00ed pokus a\u017e na nejvy\u0161\u0161\u00ed vrchol Kilimand\u017e\u00e1ra s n\u00e1zvem Uhuru Peak. Kilimand\u017e\u00e1ro - sen ka\u017ed\u00e9ho\u2026","rel":"","context":"Podobn\u00fd p\u0159\u00edsp\u011bvek","block_context":{"text":"Podobn\u00fd p\u0159\u00edsp\u011bvek","link":""},"img":{"alt_text":"","src":"https:\/\/i0.wp.com\/www.vystupnakilimandzaro.cz\/wp-content\/uploads\/2020\/09\/46498278_1941271272594680_8404265414946717696_n.jpg?resize=350%2C200&ssl=1","width":350,"height":200,"srcset":"https:\/\/i0.wp.com\/www.vystupnakilimandzaro.cz\/wp-content\/uploads\/2020\/09\/46498278_1941271272594680_8404265414946717696_n.jpg?resize=350%2C200&ssl=1 1x, https:\/\/i0.wp.com\/www.vystupnakilimandzaro.cz\/wp-content\/uploads\/2020\/09\/46498278_1941271272594680_8404265414946717696_n.jpg?resize=525%2C300&ssl=1 1.5x, https:\/\/i0.wp.com\/www.vystupnakilimandzaro.cz\/wp-content\/uploads\/2020\/09\/46498278_1941271272594680_8404265414946717696_n.jpg?resize=700%2C400&ssl=1 2x"},"classes":[]},{"id":17,"url":"https:\/\/www.vystupnakilimandzaro.cz\/index.php\/kterou-trasou\/","url_meta":{"origin":140,"position":1},"title":"Kterou trasou?","author":"vystupnaki","date":"4 listopadu, 2018","format":false,"excerpt":"P\u0159ehled v\u00fdstupov\u00fdch tras na Kilimand\u017e\u00e1ro Na ot\u00e1zku, kterou trasou se vydat na Kilimand\u017e\u00e1ro, existuje n\u011bkolik spr\u00e1vn\u00fdch odpov\u011bd\u00ed. Z\u00e1le\u017e\u00ed na va\u0161ich preferenc\u00edch a finan\u010dn\u00edch mo\u017enostech. Pro v\u00fdstup na Kilimand\u017e\u00e1ro je mo\u017en\u00e9 vyu\u017e\u00edt n\u011bkterou sedmi z\u00e1kladn\u00edch tras:\u00a0 Machame\u00a0(ji\u017en\u00ed) Umbwe\u00a0(ji\u017en\u00ed) Mweka\u00a0(ji\u017en\u00ed) Marangu\u00a0(v\u00fdchodn\u00ed) Rongai\u00a0(severn\u00ed) Lemosho\/Shira\u00a0(z\u00e1padn\u00ed) Northern Circuit\u00a0(z\u00e1padn\u00ed\/severn\u00ed) Ka\u017ed\u00e1 z v\u00fd\u0161e uveden\u00fdch tras m\u00e1 svoje\u2026","rel":"","context":"Podobn\u00fd p\u0159\u00edsp\u011bvek","block_context":{"text":"Podobn\u00fd p\u0159\u00edsp\u011bvek","link":""},"img":{"alt_text":"","src":"https:\/\/i0.wp.com\/www.vystupnakilimandzaro.cz\/wp-content\/uploads\/2021\/01\/Northern-Circuit-route.jpg?resize=350%2C200&ssl=1","width":350,"height":200},"classes":[]},{"id":8,"url":"https:\/\/www.vystupnakilimandzaro.cz\/index.php\/kdy-vyrazit\/","url_meta":{"origin":140,"position":2},"title":"Kdy vyrazit?","author":"vystupnaki","date":"4 listopadu, 2018","format":false,"excerpt":"Kdy je nejlep\u0161\u00ed podniknout v\u00fdstup na Kilimand\u017e\u00e1ro Kdy se vydat do Tanz\u00e1nie a pokusit se o v\u00fdstup na Kilimand\u017e\u00e1ro je jedna z nejd\u016fle\u017eit\u011bj\u0161\u00edch ot\u00e1zek p\u0159i pl\u00e1nov\u00e1n\u00ed va\u0161\u00ed dovolen\u00e9. Vzhledem k bl\u00edzkosti rovn\u00edku nejsou velk\u00e9 rozd\u00edly mezi letn\u00edmi a zimn\u00edmi teplotami na Kilimand\u017e\u00e1ru. Nap\u0159\u00edklad v nadmo\u0159sk\u00e9 v\u00fd\u0161ce kolem 5 000 metr\u016f\u2026","rel":"","context":"Podobn\u00fd p\u0159\u00edsp\u011bvek","block_context":{"text":"Podobn\u00fd p\u0159\u00edsp\u011bvek","link":""},"img":{"alt_text":"","src":"https:\/\/i0.wp.com\/www.vystupnakilimandzaro.cz\/wp-content\/uploads\/2020\/07\/Turiste-Kili.jpg?resize=350%2C200&ssl=1","width":350,"height":200,"srcset":"https:\/\/i0.wp.com\/www.vystupnakilimandzaro.cz\/wp-content\/uploads\/2020\/07\/Turiste-Kili.jpg?resize=350%2C200&ssl=1 1x, https:\/\/i0.wp.com\/www.vystupnakilimandzaro.cz\/wp-content\/uploads\/2020\/07\/Turiste-Kili.jpg?resize=525%2C300&ssl=1 1.5x"},"classes":[]},{"id":4,"url":"https:\/\/www.vystupnakilimandzaro.cz\/index.php\/za-kolik\/","url_meta":{"origin":140,"position":3},"title":"Za kolik?","author":"vystupnaki","date":"4 listopadu, 2018","format":false,"excerpt":"Cena za v\u00fdstup na Kilimand\u017e\u00e1ro Jedna z prvn\u00edch ot\u00e1zek, kterou jsme si i my polo\u017eili, byla pochopiteln\u011b: \"Kolik stoj\u00ed v\u00fdstup na Kilimand\u017e\u00e1ro\"? Obecn\u011b je t\u0159eba \u0159\u00edct, \u017ee to nen\u00ed \u00fapln\u011b levn\u00e1 z\u00e1le\u017eitost. Jedn\u00e1 se o jednu z hlavn\u00edch atrakc\u00ed Tanzanie a cel\u00e9 Afriky, a tomu odpov\u00edd\u00e1 cena za vstup do\u2026","rel":"","context":"Podobn\u00fd p\u0159\u00edsp\u011bvek","block_context":{"text":"Podobn\u00fd p\u0159\u00edsp\u011bvek","link":""},"img":{"alt_text":"","src":"https:\/\/i0.wp.com\/www.vystupnakilimandzaro.cz\/wp-content\/uploads\/2020\/07\/Beer-kilimanjaro.jpg?resize=350%2C200&ssl=1","width":350,"height":200,"srcset":"https:\/\/i0.wp.com\/www.vystupnakilimandzaro.cz\/wp-content\/uploads\/2020\/07\/Beer-kilimanjaro.jpg?resize=350%2C200&ssl=1 1x, https:\/\/i0.wp.com\/www.vystupnakilimandzaro.cz\/wp-content\/uploads\/2020\/07\/Beer-kilimanjaro.jpg?resize=525%2C300&ssl=1 1.5x"},"classes":[]},{"id":6,"url":"https:\/\/www.vystupnakilimandzaro.cz\/index.php\/s-kym\/","url_meta":{"origin":140,"position":4},"title":"S k\u00fdm?","author":"vystupnaki","date":"4 listopadu, 2018","format":false,"excerpt":"Pro v\u00fdstup na Kilimand\u017e\u00e1ro m\u00e1te dv\u011b mo\u017enosti. Vlastn\u011b te\u010f u\u017e t\u0159i :-) 1\/ Obr\u00e1tit se na \u010deskou cestovku, kter\u00e1 m\u00e1 sv\u00e9ho m\u00edstn\u00edho partnera, a zaplatit jim ob\u011bma za servis, kter\u00fd v\u00e1m poskytnou. V\u00fdhoda pro lidi co cht\u011bj\u00ed komunikovat v \u010de\u0161tin\u011b, cht\u011bj\u00ed minimalizovat riziko probl\u00e9m\u016f a nevad\u00ed jim zaplatit za to\u2026","rel":"","context":"Podobn\u00fd p\u0159\u00edsp\u011bvek","block_context":{"text":"Podobn\u00fd p\u0159\u00edsp\u011bvek","link":""},"img":{"alt_text":"","src":"","width":0,"height":0},"classes":[]}],"_links":{"self":[{"href":"https:\/\/www.vystupnakilimandzaro.cz\/index.php\/wp-json\/wp\/v2\/pages\/140","targetHints":{"allow":["GET"]}}],"collection":[{"href":"https:\/\/www.vystupnakilimandzaro.cz\/index.php\/wp-json\/wp\/v2\/pages"}],"about":[{"href":"https:\/\/www.vystupnakilimandzaro.cz\/index.php\/wp-json\/wp\/v2\/types\/page"}],"author":[{"embeddable":true,"href":"https:\/\/www.vystupnakilimandzaro.cz\/index.php\/wp-json\/wp\/v2\/users\/1"}],"replies":[{"embeddable":true,"href":"https:\/\/www.vystupnakilimandzaro.cz\/index.php\/wp-json\/wp\/v2\/comments?post=140"}],"version-history":[{"count":17,"href":"https:\/\/www.vystupnakilimandzaro.cz\/index.php\/wp-json\/wp\/v2\/pages\/140\/revisions"}],"predecessor-version":[{"id":473,"href":"https:\/\/www.vystupnakilimandzaro.cz\/index.php\/wp-json\/wp\/v2\/pages\/140\/revisions\/473"}],"wp:attachment":[{"href":"https:\/\/www.vystupnakilimandzaro.cz\/index.php\/wp-json\/wp\/v2\/media?parent=140"}],"curies":[{"name":"wp","href":"https:\/\/api.w.org\/{rel}","templated":true}]}}