{"id":8,"date":"2018-11-04T16:11:11","date_gmt":"2018-11-04T16:11:11","guid":{"rendered":"http:\/\/www.vystupnakilimandzaro.cz\/?page_id=8"},"modified":"2023-10-27T10:54:51","modified_gmt":"2023-10-27T10:54:51","slug":"kdy-vyrazit","status":"publish","type":"page","link":"https:\/\/www.vystupnakilimandzaro.cz\/index.php\/kdy-vyrazit\/","title":{"rendered":"Kdy vyrazit?"},"content":{"rendered":"\n<h2 class=\"wp-block-heading\">Kdy je nejlep\u0161\u00ed podniknout v\u00fdstup na Kilimand\u017e\u00e1ro<\/h2>\n\n\n\n<p>Kdy se vydat do Tanz\u00e1nie a pokusit se o v\u00fdstup na Kilimand\u017e\u00e1ro je jedna z nejd\u016fle\u017eit\u011bj\u0161\u00edch ot\u00e1zek p\u0159i pl\u00e1nov\u00e1n\u00ed va\u0161\u00ed dovolen\u00e9. Vzhledem k bl\u00edzkosti rovn\u00edku nejsou velk\u00e9 rozd\u00edly mezi letn\u00edmi a zimn\u00edmi teplotami na Kilimand\u017e\u00e1ru. Nap\u0159\u00edklad v nadmo\u0159sk\u00e9 v\u00fd\u0161ce kolem 5 000 metr\u016f nad mo\u0159em (posledn\u00ed t\u00e1bor p\u0159ed z\u00e1v\u011bre\u010dn\u00fdm vrcholov\u00fdm v\u00fdstupem) se teploty pohybuj\u00ed coloro\u010dn\u011b kolem nuly nebo t\u011bsn\u011b pod n\u00ed. Na vrcholu pak m\u016f\u017eete o\u010dek\u00e1vat obvykl\u00e9 teploty od -5\u00b0C do -10\u00b0C. Z tohoto pohledu je tedy v\u00fdstup teoreticky mo\u017en\u00fd po cel\u00fd rok. <\/p>\n\n\n\n<figure class=\"wp-block-image size-large\"><img data-recalc-dims=\"1\" loading=\"lazy\" decoding=\"async\" width=\"525\" height=\"297\" data-attachment-id=\"336\" data-permalink=\"https:\/\/www.vystupnakilimandzaro.cz\/index.php\/kdy-vyrazit\/kilimanjaro-temperatures\/\" data-orig-file=\"https:\/\/i0.wp.com\/www.vystupnakilimandzaro.cz\/wp-content\/uploads\/2020\/07\/kilimanjaro-temperatures.jpg?fit=593%2C335&amp;ssl=1\" data-orig-size=\"593,335\" data-comments-opened=\"1\" data-image-meta=\"{&quot;aperture&quot;:&quot;0&quot;,&quot;credit&quot;:&quot;&quot;,&quot;camera&quot;:&quot;&quot;,&quot;caption&quot;:&quot;&quot;,&quot;created_timestamp&quot;:&quot;0&quot;,&quot;copyright&quot;:&quot;&quot;,&quot;focal_length&quot;:&quot;0&quot;,&quot;iso&quot;:&quot;0&quot;,&quot;shutter_speed&quot;:&quot;0&quot;,&quot;title&quot;:&quot;&quot;,&quot;orientation&quot;:&quot;0&quot;}\" data-image-title=\"kilimanjaro-temperatures\" data-image-description=\"\" data-image-caption=\"\" data-large-file=\"https:\/\/i0.wp.com\/www.vystupnakilimandzaro.cz\/wp-content\/uploads\/2020\/07\/kilimanjaro-temperatures.jpg?fit=525%2C297&amp;ssl=1\" src=\"https:\/\/i0.wp.com\/www.vystupnakilimandzaro.cz\/wp-content\/uploads\/2020\/07\/kilimanjaro-temperatures.jpg?resize=525%2C297&#038;ssl=1\" alt=\"Kdy na Kilimand\u017e\u00e1ro - teploty na Kilimand\u017e\u00e1ru v jednotliv\u00fdch nadmo\u0159sk\u00fdch v\u00fd\u0161k\u00e1ch a m\u011bs\u00edc\u00edch roku\" class=\"wp-image-336\" title=\"Kdy na Kilimand\u017e\u00e1ro - teploty na Kilimand\u017e\u00e1ru v jednotliv\u00fdch nadmo\u0159sk\u00fdch v\u00fd\u0161k\u00e1ch a m\u011bs\u00edc\u00edch roku\" srcset=\"https:\/\/i0.wp.com\/www.vystupnakilimandzaro.cz\/wp-content\/uploads\/2020\/07\/kilimanjaro-temperatures.jpg?w=593&amp;ssl=1 593w, https:\/\/i0.wp.com\/www.vystupnakilimandzaro.cz\/wp-content\/uploads\/2020\/07\/kilimanjaro-temperatures.jpg?resize=300%2C169&amp;ssl=1 300w\" sizes=\"auto, (max-width: 525px) 100vw, 525px\" \/><figcaption class=\"wp-element-caption\">Teploty na Kilimand\u017e\u00e1ru v jednotliv\u00fdch nadmo\u0159sk\u00fdch v\u00fd\u0161k\u00e1ch a m\u011bs\u00edc\u00edch roku<\/figcaption><\/figure>\n\n\n\n<p>N\u011bkter\u00e9 m\u011bs\u00edce jsou ale p\u0159esto vhodn\u011bj\u0161\u00ed pro v\u00fdstup na Kilimand\u017e\u00e1ro ne\u017e jin\u00e9 a to p\u0159edev\u0161\u00edm kv\u016fli mno\u017estv\u00ed sr\u00e1\u017eek, kter\u00e9 se v pr\u016fb\u011bhu roku v\u00fdrazn\u011b m\u011bn\u00ed. Jedn\u00e1 se o sr\u00e1\u017eky de\u0161\u0165ov\u00e9 v ni\u017e\u0161\u00edch poloh\u00e1ch i o sr\u00e1\u017eky sn\u011bhov\u00e9 ve vy\u0161\u0161\u00ed nadmo\u0159sk\u00e9 v\u00fd\u0161ce. Oboj\u00ed v\u00e1m m\u016f\u017eou v\u00fdstup zkomplikovat, pokud je na\u010dasov\u00e1n\u00ed nevhodn\u00e9.<\/p>\n\n\n\n<figure class=\"wp-block-image size-large\"><img data-recalc-dims=\"1\" loading=\"lazy\" decoding=\"async\" width=\"525\" height=\"187\" data-attachment-id=\"347\" data-permalink=\"https:\/\/www.vystupnakilimandzaro.cz\/index.php\/kdy-vyrazit\/srazky-kilimandzaro-1\/\" data-orig-file=\"https:\/\/i0.wp.com\/www.vystupnakilimandzaro.cz\/wp-content\/uploads\/2020\/07\/Srazky-Kilimandzaro-1.jpg?fit=577%2C205&amp;ssl=1\" data-orig-size=\"577,205\" data-comments-opened=\"1\" data-image-meta=\"{&quot;aperture&quot;:&quot;0&quot;,&quot;credit&quot;:&quot;&quot;,&quot;camera&quot;:&quot;&quot;,&quot;caption&quot;:&quot;&quot;,&quot;created_timestamp&quot;:&quot;1595610765&quot;,&quot;copyright&quot;:&quot;&quot;,&quot;focal_length&quot;:&quot;0&quot;,&quot;iso&quot;:&quot;0&quot;,&quot;shutter_speed&quot;:&quot;0&quot;,&quot;title&quot;:&quot;&quot;,&quot;orientation&quot;:&quot;1&quot;}\" data-image-title=\"Srazky-Kilimandzaro-1\" data-image-description=\"\" data-image-caption=\"\" data-large-file=\"https:\/\/i0.wp.com\/www.vystupnakilimandzaro.cz\/wp-content\/uploads\/2020\/07\/Srazky-Kilimandzaro-1.jpg?fit=525%2C187&amp;ssl=1\" src=\"https:\/\/i0.wp.com\/www.vystupnakilimandzaro.cz\/wp-content\/uploads\/2020\/07\/Srazky-Kilimandzaro-1.jpg?resize=525%2C187&#038;ssl=1\" alt=\"Kdy na Kilimand\u017e\u00e1ro - mno\u017estv\u00ed sr\u00e1\u017eek\" class=\"wp-image-347\" title=\"Kdy na Kilimand\u017e\u00e1ro - mno\u017estv\u00ed sr\u00e1\u017eek\" srcset=\"https:\/\/i0.wp.com\/www.vystupnakilimandzaro.cz\/wp-content\/uploads\/2020\/07\/Srazky-Kilimandzaro-1.jpg?w=577&amp;ssl=1 577w, https:\/\/i0.wp.com\/www.vystupnakilimandzaro.cz\/wp-content\/uploads\/2020\/07\/Srazky-Kilimandzaro-1.jpg?resize=300%2C107&amp;ssl=1 300w\" sizes=\"auto, (max-width: 525px) 100vw, 525px\" \/><figcaption class=\"wp-element-caption\"><em>Mno\u017estv\u00ed sr\u00e1\u017eek na Kilimand\u017e\u00e1ru v jednotliv\u00fdch m\u011bs\u00edc\u00edch<\/em><\/figcaption><\/figure>\n\n\n\n<h2 class=\"wp-block-heading\">Popis po\u010das\u00ed v jednotliv\u00fdch m\u011bs\u00edc\u00edch<\/h2>\n\n\n\n<h4 class=\"wp-block-heading\"><strong>Leden,&nbsp;<\/strong><strong>\u00danor<\/strong><\/h4>\n\n\n\n<p>Tanzansk\u00e9 l\u00e9to. Ide\u00e1ln\u00ed podm\u00ednky pro v\u00fdstup. Nejteplej\u0161\u00ed po\u010das\u00ed na ho\u0159e, po v\u011bt\u0161inu dne, p\u0159edev\u0161\u00edm r\u00e1no a ve\u010der m\u016f\u017eete o\u010dek\u00e1vat jasn\u00e9 nebe. V pr\u016fb\u011bhu dne se kolem hory m\u016f\u017ee nahromadit p\u00e1s mrak\u016f, ale celkov\u011b je minimum sr\u00e1\u017eek.<\/p>\n\n\n\n<h4 class=\"wp-block-heading\"><strong><b>B\u0159ezen<\/b><\/strong><\/h4>\n\n\n\n<p>B\u0159ezen je p\u0159echodov\u00fdm m\u011bs\u00edcem. V prvn\u00ed polovin\u011b mohou b\u00fdt st\u00e1le vhodn\u00e9 podm\u00ednky,&nbsp; ve druh\u00e9 polovin\u011b u\u017e se zvy\u0161uje pravd\u011bpodobnost sr\u00e1\u017eek.<\/p>\n\n\n\n<h4 class=\"wp-block-heading\"><strong><b>Duben<\/b>, Kv\u011bten<\/strong><\/h4>\n\n\n\n<p>Hlavn\u00ed obdob\u00ed siln\u00fdch de\u0161\u0165\u016f, ve vy\u0161\u0161\u00ed poloh\u00e1ch mr\u00e1z a sn\u011bhov\u00e9 bou\u0159e. Viditelnost a komfort jsou v\u00fdrazn\u011b sn\u00ed\u017een\u00e9. V\u00fdstup nelze v tomto obdob\u00ed b\u011b\u017en\u00fdm turist\u016fm doporu\u010dit. <\/p>\n\n\n\n<p>Pokud m\u00e1te r\u00e1di v\u00fdzvy a chcete se na ho\u0159e potkat s co nejmen\u0161\u00edm po\u010dtem dal\u0161\u00edch turist\u016f a v\u00fdstup v tomto obdob\u00ed uskute\u010dnit, vyu\u017eijte trasou Rongai. Ta za\u010d\u00edn\u00e1 na severn\u00ed stran\u011b hory a je to nejsu\u0161\u0161\u00ed trasa na Kilimand\u017e\u00e1ru. <\/p>\n\n\n\n<h4 class=\"wp-block-heading\"><strong>\u010cerven<\/strong><\/h4>\n\n\n\n<p>\u010cerven je dal\u0161\u00edm p\u0159echodov\u00fdm m\u011bs\u00edcem. Od poloviny m\u011bs\u00edce pomalu ust\u00e1vaj\u00ed de\u0161t\u011b a za\u010d\u00edn\u00e1 tanzansk\u00e1 such\u00e1 zima.<\/p>\n\n\n\n<h4 class=\"wp-block-heading\"><strong>\u010cervenec,&nbsp;<\/strong><strong>Srpen,&nbsp;<\/strong><strong>Z\u00e1\u0159\u00ed<\/strong><\/h4>\n\n\n\n<p>Teploty v noci mohou b\u00fdt ve vy\u0161\u0161\u00edch poloh\u00e1ch n\u00edzk\u00e9, nad z\u00e1kladn\u00edm t\u00e1borem i pod bodem mrazu, p\u0159esto jsou podm\u00ednky vhodn\u00e9 pro v\u00fdstup. Nad de\u0161tn\u00fdm pralesem z\u016fst\u00e1v\u00e1 p\u00e1s mrak\u016f, vrcholek hory je ale nad t\u011bmito&nbsp; mraky a je na n\u011bm obvykle jasno a sucho. Srpen a z\u00e1\u0159\u00ed pat\u0159\u00ed mezi nejv\u00edce obl\u00edben\u00e9 m\u011bs\u00edce pro v\u00fdstup na Kilimand\u017e\u00e1ro a nejv\u00edce nav\u0161t\u011bvovan\u00e9.<\/p>\n\n\n\n<h4 class=\"wp-block-heading\"><strong>\u0158\u00edjen<\/strong><\/h4>\n\n\n\n<p>\u0158\u00edjen je dal\u0161\u00edm p\u0159echodov\u00fdm m\u011bs\u00edcem. Na za\u010d\u00e1tku st\u00e1le je\u0161t\u011b minimum sr\u00e1\u017eek, ale u\u017e ub\u00fdv\u00e1 n\u00e1v\u0161t\u011bvn\u00edk\u016f na ho\u0159e. My jsme zvolili pro v\u00fdstup druh\u00fd t\u00fdden v \u0159\u00edjnu, podm\u00ednky byly ide\u00e1ln\u00ed a po\u010det turist\u016f na ho\u0159e velmi rozumn\u00fd. Na konci \u0159\u00edjna za\u010d\u00edn\u00e1 p\u0159ib\u00fdvat sr\u00e1\u017eek z p\u00e1su mrak\u016f kolem hory.<\/p>\n\n\n\n<figure class=\"wp-block-image alignnone wp-image-169 size-full\"><img data-recalc-dims=\"1\" loading=\"lazy\" decoding=\"async\" width=\"525\" height=\"394\" data-attachment-id=\"169\" data-permalink=\"https:\/\/www.vystupnakilimandzaro.cz\/index.php\/2018\/11\/22\/vystup-na-kilimandzaro-v-listopadu\/44373161_2200438956642734_1931202817393950720_n\/\" data-orig-file=\"https:\/\/i0.wp.com\/www.vystupnakilimandzaro.cz\/wp-content\/uploads\/2018\/11\/44373161_2200438956642734_1931202817393950720_n.jpg?fit=960%2C720&amp;ssl=1\" data-orig-size=\"960,720\" data-comments-opened=\"1\" data-image-meta=\"{&quot;aperture&quot;:&quot;0&quot;,&quot;credit&quot;:&quot;&quot;,&quot;camera&quot;:&quot;&quot;,&quot;caption&quot;:&quot;&quot;,&quot;created_timestamp&quot;:&quot;0&quot;,&quot;copyright&quot;:&quot;&quot;,&quot;focal_length&quot;:&quot;0&quot;,&quot;iso&quot;:&quot;0&quot;,&quot;shutter_speed&quot;:&quot;0&quot;,&quot;title&quot;:&quot;&quot;,&quot;orientation&quot;:&quot;0&quot;}\" data-image-title=\"V\u00fdstup na Kilimand\u017e\u00e1ro  v \u0159\u00edjnu\" data-image-description=\"&lt;p&gt;V\u00fdstup na Kilimand\u017e\u00e1ro  v \u0159\u00edjnu&lt;\/p&gt;\n\" data-image-caption=\"\" data-large-file=\"https:\/\/i0.wp.com\/www.vystupnakilimandzaro.cz\/wp-content\/uploads\/2018\/11\/44373161_2200438956642734_1931202817393950720_n.jpg?fit=525%2C394&amp;ssl=1\" src=\"https:\/\/i0.wp.com\/www.vystupnakilimandzaro.cz\/wp-content\/uploads\/2018\/11\/44373161_2200438956642734_1931202817393950720_n.jpg?resize=525%2C394\" alt=\"V\u00fdstup na Kilimand\u017e\u00e1ro v \u0159\u00edjnu\" class=\"wp-image-169\" srcset=\"https:\/\/i0.wp.com\/www.vystupnakilimandzaro.cz\/wp-content\/uploads\/2018\/11\/44373161_2200438956642734_1931202817393950720_n.jpg?w=960&amp;ssl=1 960w, https:\/\/i0.wp.com\/www.vystupnakilimandzaro.cz\/wp-content\/uploads\/2018\/11\/44373161_2200438956642734_1931202817393950720_n.jpg?resize=300%2C225&amp;ssl=1 300w, https:\/\/i0.wp.com\/www.vystupnakilimandzaro.cz\/wp-content\/uploads\/2018\/11\/44373161_2200438956642734_1931202817393950720_n.jpg?resize=768%2C576&amp;ssl=1 768w\" sizes=\"auto, (max-width: 767px) 89vw, (max-width: 1000px) 54vw, (max-width: 1071px) 543px, 580px\" \/><figcaption class=\"wp-element-caption\">Uk\u00e1zka po\u010das\u00ed na vrcholu masivu Kilimand\u017e\u00e1ro v polovin\u011b \u0159\u00edjna<\/figcaption><\/figure>\n\n\n\n<h4 class=\"wp-block-heading\"><strong>Listopad,&nbsp;<\/strong><strong>Prosinec<\/strong><\/h4>\n\n\n\n<p>Obdob\u00ed kr\u00e1tk\u00fdch de\u0161\u0165\u016f, kter\u00e9 m\u016f\u017ee za\u010d\u00edt u\u017e na konci \u0159\u00edjna a pokra\u010duje p\u0159es listopad do p\u0159ibli\u017en\u011b poloviny prosince. S p\u0159eh\u00e1\u0148kami je mo\u017en\u00e9 se setkat od de\u0161tn\u00fdch prales\u016f v ni\u017e\u0161\u00edch poloh\u00e1ch a\u017e po vrchol hory. V druh\u00e9 polovin\u011b prosince de\u0161t\u011b (na vrcholu sn\u011b\u017een\u00ed) ust\u00e1vaj\u00ed a za\u010d\u00edn\u00e1 dal\u0161\u00ed obdob\u00ed vhodn\u00e9 pro v\u00fdstup na Kilimand\u017e\u00e1ro.<\/p>\n\n\n<div class=\"wp-block-image wp-image-167 size-full\">\n<figure class=\"aligncenter\"><img data-recalc-dims=\"1\" loading=\"lazy\" decoding=\"async\" width=\"525\" height=\"656\" data-attachment-id=\"167\" data-permalink=\"https:\/\/www.vystupnakilimandzaro.cz\/index.php\/2018\/11\/22\/vystup-na-kilimandzaro-v-listopadu\/46498278_1941271272594680_8404265414946717696_n\/\" data-orig-file=\"https:\/\/i0.wp.com\/www.vystupnakilimandzaro.cz\/wp-content\/uploads\/2018\/11\/46498278_1941271272594680_8404265414946717696_n.jpg?fit=720%2C900&amp;ssl=1\" data-orig-size=\"720,900\" data-comments-opened=\"1\" data-image-meta=\"{&quot;aperture&quot;:&quot;0&quot;,&quot;credit&quot;:&quot;&quot;,&quot;camera&quot;:&quot;&quot;,&quot;caption&quot;:&quot;&quot;,&quot;created_timestamp&quot;:&quot;0&quot;,&quot;copyright&quot;:&quot;&quot;,&quot;focal_length&quot;:&quot;0&quot;,&quot;iso&quot;:&quot;0&quot;,&quot;shutter_speed&quot;:&quot;0&quot;,&quot;title&quot;:&quot;&quot;,&quot;orientation&quot;:&quot;0&quot;}\" data-image-title=\"V\u00fdstup na Kilimand\u017e\u00e1ro v listopadu\" data-image-description=\"&lt;p&gt;V\u00fdstup na Kilimand\u017e\u00e1ro v listopadu&lt;\/p&gt;\n\" data-image-caption=\"\" data-large-file=\"https:\/\/i0.wp.com\/www.vystupnakilimandzaro.cz\/wp-content\/uploads\/2018\/11\/46498278_1941271272594680_8404265414946717696_n.jpg?fit=525%2C656&amp;ssl=1\" src=\"https:\/\/i0.wp.com\/www.vystupnakilimandzaro.cz\/wp-content\/uploads\/2018\/11\/46498278_1941271272594680_8404265414946717696_n.jpg?resize=525%2C656\" alt=\"V\u00fdstup na Kilimand\u017e\u00e1ro v listopadu\" class=\"wp-image-167\" srcset=\"https:\/\/i0.wp.com\/www.vystupnakilimandzaro.cz\/wp-content\/uploads\/2018\/11\/46498278_1941271272594680_8404265414946717696_n.jpg?w=720&amp;ssl=1 720w, https:\/\/i0.wp.com\/www.vystupnakilimandzaro.cz\/wp-content\/uploads\/2018\/11\/46498278_1941271272594680_8404265414946717696_n.jpg?resize=240%2C300&amp;ssl=1 240w\" sizes=\"auto, (max-width: 525px) 100vw, 525px\" \/><figcaption class=\"wp-element-caption\">Uk\u00e1zka po\u010das\u00ed na vrcholu masivu Kilimand\u017e\u00e1ro na konci listopadu<\/figcaption><\/figure>\n<\/div>\n\n\n<p>V\u00fd\u0161e uveden\u00e9 podm\u00ednky jsou obvykl\u00e9, po\u010das\u00ed na Kilimand\u017e\u00e1ru ale m\u016f\u017ee kdykoliv p\u0159ekvapit, tak jako na ka\u017ed\u00e9 jin\u00e9 ho\u0159e. Je mo\u017en\u00e9 za\u017e\u00edt d\u00e9\u0161\u0165 v obdob\u00ed sucha a nebo kr\u00e1sn\u00e9 po\u010das\u00ed v obdob\u00ed de\u0161\u0165\u016f. Proto je t\u0159eba b\u00fdt p\u0159ipraven a vybaven na r\u016fzn\u00e9 druhy po\u010das\u00ed libovoln\u00fd m\u011bs\u00edc v roce.<\/p>\n\n\n\n<h2 class=\"wp-block-heading\">Mno\u017estv\u00ed turist\u016f na Kilimand\u017e\u00e1ru<\/h2>\n\n\n\n<p>Dal\u0161\u00ed v\u011bc\u00ed, kterou m\u016f\u017eete cht\u00edt zohlednit p\u0159i rozhodov\u00e1n\u00ed kdy zah\u00e1jit v\u00e1\u0161 v\u00fdstup na Kilimand\u017e\u00e1ro, je po\u010det turist\u016f se stejn\u00fdmi pl\u00e1ny jako m\u00e1te vy. Abyste se potkali ve stejn\u00fd \u010das na stejn\u00e9m m\u00edst\u011b, mus\u00edte si pro v\u00fdstup zvolit stejn\u00fd term\u00edn a stejnou trasu. N\u011bkomu v\u011bt\u0161\u00ed po\u010det lid\u00ed na ho\u0159e nevad\u00ed, n\u011bkdo se mu bude cht\u00edt rad\u011bji vyhnout. V\u017edy je to ale n\u011bco za n\u011bco. <\/p>\n\n\n\n<p>Pokud nem\u00e1te r\u00e1di davy, pak zvolte pro v\u00fdstup nap\u0159\u00edklad p\u0159echodov\u00e9 m\u011bs\u00edce \u010derven a \u0159\u00edjen mimo hlavn\u00ed sez\u00f3nu, kter\u00e1 je p\u0159ibli\u017en\u011b od \u010dervence do z\u00e1\u0159\u00ed. Po\u010das\u00ed bude s velkou pravd\u011bpodobnost\u00ed p\u0159\u00edzniv\u00e9 a po\u010det lid\u00ed m\u016f\u017ee b\u00fdt ni\u017e\u0161\u00ed. My jsme se rozhodli pro prvn\u00ed lolovinu \u0159\u00edjna a nelitovali jsme. <\/p>\n\n\n\n<figure class=\"wp-block-image size-large\"><img data-recalc-dims=\"1\" loading=\"lazy\" decoding=\"async\" width=\"525\" height=\"287\" data-attachment-id=\"350\" data-permalink=\"https:\/\/www.vystupnakilimandzaro.cz\/index.php\/kdy-vyrazit\/turiste-kili\/\" data-orig-file=\"https:\/\/i0.wp.com\/www.vystupnakilimandzaro.cz\/wp-content\/uploads\/2020\/07\/Turiste-Kili.jpg?fit=583%2C319&amp;ssl=1\" data-orig-size=\"583,319\" data-comments-opened=\"1\" data-image-meta=\"{&quot;aperture&quot;:&quot;0&quot;,&quot;credit&quot;:&quot;Ko\\u010dvara Stanislav&quot;,&quot;camera&quot;:&quot;&quot;,&quot;caption&quot;:&quot;&quot;,&quot;created_timestamp&quot;:&quot;1595611776&quot;,&quot;copyright&quot;:&quot;&quot;,&quot;focal_length&quot;:&quot;0&quot;,&quot;iso&quot;:&quot;0&quot;,&quot;shutter_speed&quot;:&quot;0&quot;,&quot;title&quot;:&quot;&quot;,&quot;orientation&quot;:&quot;0&quot;}\" data-image-title=\"Turiste-Kili\" data-image-description=\"\" data-image-caption=\"\" data-large-file=\"https:\/\/i0.wp.com\/www.vystupnakilimandzaro.cz\/wp-content\/uploads\/2020\/07\/Turiste-Kili.jpg?fit=525%2C287&amp;ssl=1\" src=\"https:\/\/i0.wp.com\/www.vystupnakilimandzaro.cz\/wp-content\/uploads\/2020\/07\/Turiste-Kili.jpg?resize=525%2C287&#038;ssl=1\" alt=\"Kdy na Kilimand\u017e\u00e1ro - Denn\u00ed po\u010det turist\u016f v pr\u016fb\u011bhu roku\" class=\"wp-image-350\" title=\"Kdy na Kilimand\u017e\u00e1ro - Denn\u00ed po\u010det turist\u016f v pr\u016fb\u011bhu roku\" srcset=\"https:\/\/i0.wp.com\/www.vystupnakilimandzaro.cz\/wp-content\/uploads\/2020\/07\/Turiste-Kili.jpg?w=583&amp;ssl=1 583w, https:\/\/i0.wp.com\/www.vystupnakilimandzaro.cz\/wp-content\/uploads\/2020\/07\/Turiste-Kili.jpg?resize=300%2C164&amp;ssl=1 300w\" sizes=\"auto, (max-width: 525px) 100vw, 525px\" \/><figcaption class=\"wp-element-caption\">Denn\u00ed po\u010det turist\u016f na Kilimand\u017e\u00e1ru v pr\u016fb\u011bhu roku<\/figcaption><\/figure>\n\n\n\n<p>D\u00e1le m\u00e1 vliv volba trasy, n\u011bkter\u00e9 jsou obl\u00edben\u011bj\u0161\u00ed, jin\u00e9 m\u00e9n\u011b. V\u00edce ohledn\u011b volby trasy na str\u00e1nce popisuj\u00edc\u00ed  <a href=\"https:\/\/www.vystupnakilimandzaro.cz\/index.php\/kterou-trasou\/\">jednotliv\u00e9 trasy pro v\u00fdstup na Kilimand\u017e\u00e1ro<\/a>.<\/p>\n\n\n\n<h2 class=\"wp-block-heading\">Kterou trasou vyrazit na Kilimand\u017e\u00e1ro<\/h2>\n\n\n\n<p>Pokud jste si u\u017e zodpov\u011bd\u011bli ot\u00e1zku, kdy se vyd\u00e1te do Tanz\u00e1nie a pokus\u00edte se o v\u00fdstup na Kilimand\u017e\u00e1ro, mus\u00edte se je\u0161t\u011b rozhodnout, kterou trasou se vyd\u00e1te na vrchol. Pomoci by v\u00e1m v tom mohl&nbsp;<a href=\"https:\/\/www.vystupnakilimandzaro.cz\/index.php\/kterou-trasou\/\">popis v\u00fdhod a nev\u00fdhod v\u00fdstupu jednotliv\u00fdmi dostupn\u00fdmi trasami<\/a>.<\/p>\n\n\n\n<h2 class=\"wp-block-heading\">Extern\u00ed odkazy<\/h2>\n\n\n\n<p>Na dal\u0161\u00ed zaj\u00edmav\u00e1 fakta o podm\u00ednk\u00e1ch na Kilimand\u017e\u00e1ru v pr\u016fb\u011bhu cel\u00e9ho roku se m\u016f\u017eete pod\u00edvat na anglick\u00e9m webu <a aria-label=\"undefined (otev\u0159e se v nov\u00e9 z\u00e1lo\u017ece)\" href=\"https:\/\/www.climbkilimanjaroguide.com\/\" target=\"_blank\" rel=\"noreferrer noopener\">Climb Kilimanjaro Guide<\/a>.<\/p>\n","protected":false},"excerpt":{"rendered":"<p>Kdy je nejlep\u0161\u00ed podniknout v\u00fdstup na Kilimand\u017e\u00e1ro Kdy se vydat do Tanz\u00e1nie a pokusit se o v\u00fdstup na Kilimand\u017e\u00e1ro je jedna z nejd\u016fle\u017eit\u011bj\u0161\u00edch ot\u00e1zek p\u0159i pl\u00e1nov\u00e1n\u00ed va\u0161\u00ed dovolen\u00e9. Vzhledem k bl\u00edzkosti rovn\u00edku nejsou velk\u00e9 rozd\u00edly mezi letn\u00edmi a zimn\u00edmi teplotami na Kilimand\u017e\u00e1ru. Nap\u0159\u00edklad v nadmo\u0159sk\u00e9 v\u00fd\u0161ce kolem 5 000 metr\u016f nad mo\u0159em (posledn\u00ed t\u00e1bor p\u0159ed &hellip; <\/p>\n<p class=\"link-more\"><a href=\"https:\/\/www.vystupnakilimandzaro.cz\/index.php\/kdy-vyrazit\/\" class=\"more-link\">Pokra\u010dovat ve \u010dten\u00ed<span class=\"screen-reader-text\"> &#8222;Kdy vyrazit?&#8220;<\/span><\/a><\/p>\n","protected":false},"author":1,"featured_media":0,"parent":0,"menu_order":0,"comment_status":"closed","ping_status":"closed","template":"","meta":{"_monsterinsights_skip_tracking":false,"_monsterinsights_sitenote_active":false,"_monsterinsights_sitenote_note":"","_monsterinsights_sitenote_category":0,"footnotes":""},"class_list":["post-8","page","type-page","status-publish","hentry"],"yoast_head":"<!-- This site is optimized with the Yoast SEO plugin v27.5 - https:\/\/yoast.com\/product\/yoast-seo-wordpress\/ -->\n<title>V\u00fdstup na Kilimand\u017e\u00e1ro - kdy je nejlep\u0161\u00ed se vydat na vrchol?<\/title>\n<meta name=\"description\" content=\"Kdy je nejlep\u0161\u00ed podniknou v\u00fdstup na Kilimand\u017e\u00e1ro? Po\u010das\u00ed a dal\u0161\u00ed podm\u00ednky v jednotliv\u00fdch m\u011bs\u00edc\u00edch roku. Srovn\u00e1n\u00ed v\u00fdhod a nev\u00fdhod jednotliv\u00fdch obdob\u00ed.\" \/>\n<meta name=\"robots\" content=\"index, follow, max-snippet:-1, max-image-preview:large, max-video-preview:-1\" \/>\n<link rel=\"canonical\" href=\"https:\/\/www.vystupnakilimandzaro.cz\/index.php\/kdy-vyrazit\/\" \/>\n<meta property=\"og:locale\" content=\"cs_CZ\" \/>\n<meta property=\"og:type\" content=\"article\" \/>\n<meta property=\"og:title\" content=\"V\u00fdstup na Kilimand\u017e\u00e1ro - kdy je nejlep\u0161\u00ed se vydat na vrchol?\" \/>\n<meta property=\"og:description\" content=\"Kdy je nejlep\u0161\u00ed podniknou v\u00fdstup na Kilimand\u017e\u00e1ro? Po\u010das\u00ed a dal\u0161\u00ed podm\u00ednky v jednotliv\u00fdch m\u011bs\u00edc\u00edch roku. Srovn\u00e1n\u00ed v\u00fdhod a nev\u00fdhod jednotliv\u00fdch obdob\u00ed.\" \/>\n<meta property=\"og:url\" content=\"https:\/\/www.vystupnakilimandzaro.cz\/index.php\/kdy-vyrazit\/\" \/>\n<meta property=\"og:site_name\" content=\"V\u00fdstup na Kilimand\u017e\u00e1ro\" \/>\n<meta property=\"article:modified_time\" content=\"2023-10-27T10:54:51+00:00\" \/>\n<meta property=\"og:image\" content=\"https:\/\/www.vystupnakilimandzaro.cz\/wp-content\/uploads\/2020\/07\/kilimanjaro-temperatures.jpg\" \/>\n<meta name=\"twitter:card\" content=\"summary_large_image\" \/>\n<meta name=\"twitter:label1\" content=\"Odhadovan\u00e1 doba \u010dten\u00ed\" \/>\n\t<meta name=\"twitter:data1\" content=\"6 minut\" \/>\n<script type=\"application\/ld+json\" class=\"yoast-schema-graph\">{\"@context\":\"https:\\\/\\\/schema.org\",\"@graph\":[{\"@type\":\"WebPage\",\"@id\":\"https:\\\/\\\/www.vystupnakilimandzaro.cz\\\/index.php\\\/kdy-vyrazit\\\/\",\"url\":\"https:\\\/\\\/www.vystupnakilimandzaro.cz\\\/index.php\\\/kdy-vyrazit\\\/\",\"name\":\"V\u00fdstup na Kilimand\u017e\u00e1ro - kdy je nejlep\u0161\u00ed se vydat na vrchol?\",\"isPartOf\":{\"@id\":\"https:\\\/\\\/www.vystupnakilimandzaro.cz\\\/#website\"},\"primaryImageOfPage\":{\"@id\":\"https:\\\/\\\/www.vystupnakilimandzaro.cz\\\/index.php\\\/kdy-vyrazit\\\/#primaryimage\"},\"image\":{\"@id\":\"https:\\\/\\\/www.vystupnakilimandzaro.cz\\\/index.php\\\/kdy-vyrazit\\\/#primaryimage\"},\"thumbnailUrl\":\"https:\\\/\\\/www.vystupnakilimandzaro.cz\\\/wp-content\\\/uploads\\\/2020\\\/07\\\/kilimanjaro-temperatures.jpg\",\"datePublished\":\"2018-11-04T16:11:11+00:00\",\"dateModified\":\"2023-10-27T10:54:51+00:00\",\"description\":\"Kdy je nejlep\u0161\u00ed podniknou v\u00fdstup na Kilimand\u017e\u00e1ro? Po\u010das\u00ed a dal\u0161\u00ed podm\u00ednky v jednotliv\u00fdch m\u011bs\u00edc\u00edch roku. Srovn\u00e1n\u00ed v\u00fdhod a nev\u00fdhod jednotliv\u00fdch obdob\u00ed.\",\"breadcrumb\":{\"@id\":\"https:\\\/\\\/www.vystupnakilimandzaro.cz\\\/index.php\\\/kdy-vyrazit\\\/#breadcrumb\"},\"inLanguage\":\"cs\",\"potentialAction\":[{\"@type\":\"ReadAction\",\"target\":[\"https:\\\/\\\/www.vystupnakilimandzaro.cz\\\/index.php\\\/kdy-vyrazit\\\/\"]}]},{\"@type\":\"ImageObject\",\"inLanguage\":\"cs\",\"@id\":\"https:\\\/\\\/www.vystupnakilimandzaro.cz\\\/index.php\\\/kdy-vyrazit\\\/#primaryimage\",\"url\":\"https:\\\/\\\/i0.wp.com\\\/www.vystupnakilimandzaro.cz\\\/wp-content\\\/uploads\\\/2020\\\/07\\\/kilimanjaro-temperatures.jpg?fit=593%2C335&ssl=1\",\"contentUrl\":\"https:\\\/\\\/i0.wp.com\\\/www.vystupnakilimandzaro.cz\\\/wp-content\\\/uploads\\\/2020\\\/07\\\/kilimanjaro-temperatures.jpg?fit=593%2C335&ssl=1\",\"width\":593,\"height\":335},{\"@type\":\"BreadcrumbList\",\"@id\":\"https:\\\/\\\/www.vystupnakilimandzaro.cz\\\/index.php\\\/kdy-vyrazit\\\/#breadcrumb\",\"itemListElement\":[{\"@type\":\"ListItem\",\"position\":1,\"name\":\"Dom\u016f\",\"item\":\"https:\\\/\\\/www.vystupnakilimandzaro.cz\\\/\"},{\"@type\":\"ListItem\",\"position\":2,\"name\":\"Kdy vyrazit?\"}]},{\"@type\":\"WebSite\",\"@id\":\"https:\\\/\\\/www.vystupnakilimandzaro.cz\\\/#website\",\"url\":\"https:\\\/\\\/www.vystupnakilimandzaro.cz\\\/\",\"name\":\"V\u00fdstup na Kilimand\u017e\u00e1ro\",\"description\":\"V\u0161e, co jste cht\u011bli v\u011bd\u011bt o v\u00fdstupu na Kilimand\u017e\u00e1ro.\",\"potentialAction\":[{\"@type\":\"SearchAction\",\"target\":{\"@type\":\"EntryPoint\",\"urlTemplate\":\"https:\\\/\\\/www.vystupnakilimandzaro.cz\\\/?s={search_term_string}\"},\"query-input\":{\"@type\":\"PropertyValueSpecification\",\"valueRequired\":true,\"valueName\":\"search_term_string\"}}],\"inLanguage\":\"cs\"}]}<\/script>\n<!-- \/ Yoast SEO plugin. -->","yoast_head_json":{"title":"V\u00fdstup na Kilimand\u017e\u00e1ro - kdy je nejlep\u0161\u00ed se vydat na vrchol?","description":"Kdy je nejlep\u0161\u00ed podniknou v\u00fdstup na Kilimand\u017e\u00e1ro? Po\u010das\u00ed a dal\u0161\u00ed podm\u00ednky v jednotliv\u00fdch m\u011bs\u00edc\u00edch roku. Srovn\u00e1n\u00ed v\u00fdhod a nev\u00fdhod jednotliv\u00fdch obdob\u00ed.","robots":{"index":"index","follow":"follow","max-snippet":"max-snippet:-1","max-image-preview":"max-image-preview:large","max-video-preview":"max-video-preview:-1"},"canonical":"https:\/\/www.vystupnakilimandzaro.cz\/index.php\/kdy-vyrazit\/","og_locale":"cs_CZ","og_type":"article","og_title":"V\u00fdstup na Kilimand\u017e\u00e1ro - kdy je nejlep\u0161\u00ed se vydat na vrchol?","og_description":"Kdy je nejlep\u0161\u00ed podniknou v\u00fdstup na Kilimand\u017e\u00e1ro? Po\u010das\u00ed a dal\u0161\u00ed podm\u00ednky v jednotliv\u00fdch m\u011bs\u00edc\u00edch roku. Srovn\u00e1n\u00ed v\u00fdhod a nev\u00fdhod jednotliv\u00fdch obdob\u00ed.","og_url":"https:\/\/www.vystupnakilimandzaro.cz\/index.php\/kdy-vyrazit\/","og_site_name":"V\u00fdstup na Kilimand\u017e\u00e1ro","article_modified_time":"2023-10-27T10:54:51+00:00","og_image":[{"url":"https:\/\/www.vystupnakilimandzaro.cz\/wp-content\/uploads\/2020\/07\/kilimanjaro-temperatures.jpg","type":"","width":"","height":""}],"twitter_card":"summary_large_image","twitter_misc":{"Odhadovan\u00e1 doba \u010dten\u00ed":"6 minut"},"schema":{"@context":"https:\/\/schema.org","@graph":[{"@type":"WebPage","@id":"https:\/\/www.vystupnakilimandzaro.cz\/index.php\/kdy-vyrazit\/","url":"https:\/\/www.vystupnakilimandzaro.cz\/index.php\/kdy-vyrazit\/","name":"V\u00fdstup na Kilimand\u017e\u00e1ro - kdy je nejlep\u0161\u00ed se vydat na vrchol?","isPartOf":{"@id":"https:\/\/www.vystupnakilimandzaro.cz\/#website"},"primaryImageOfPage":{"@id":"https:\/\/www.vystupnakilimandzaro.cz\/index.php\/kdy-vyrazit\/#primaryimage"},"image":{"@id":"https:\/\/www.vystupnakilimandzaro.cz\/index.php\/kdy-vyrazit\/#primaryimage"},"thumbnailUrl":"https:\/\/www.vystupnakilimandzaro.cz\/wp-content\/uploads\/2020\/07\/kilimanjaro-temperatures.jpg","datePublished":"2018-11-04T16:11:11+00:00","dateModified":"2023-10-27T10:54:51+00:00","description":"Kdy je nejlep\u0161\u00ed podniknou v\u00fdstup na Kilimand\u017e\u00e1ro? Po\u010das\u00ed a dal\u0161\u00ed podm\u00ednky v jednotliv\u00fdch m\u011bs\u00edc\u00edch roku. Srovn\u00e1n\u00ed v\u00fdhod a nev\u00fdhod jednotliv\u00fdch obdob\u00ed.","breadcrumb":{"@id":"https:\/\/www.vystupnakilimandzaro.cz\/index.php\/kdy-vyrazit\/#breadcrumb"},"inLanguage":"cs","potentialAction":[{"@type":"ReadAction","target":["https:\/\/www.vystupnakilimandzaro.cz\/index.php\/kdy-vyrazit\/"]}]},{"@type":"ImageObject","inLanguage":"cs","@id":"https:\/\/www.vystupnakilimandzaro.cz\/index.php\/kdy-vyrazit\/#primaryimage","url":"https:\/\/i0.wp.com\/www.vystupnakilimandzaro.cz\/wp-content\/uploads\/2020\/07\/kilimanjaro-temperatures.jpg?fit=593%2C335&ssl=1","contentUrl":"https:\/\/i0.wp.com\/www.vystupnakilimandzaro.cz\/wp-content\/uploads\/2020\/07\/kilimanjaro-temperatures.jpg?fit=593%2C335&ssl=1","width":593,"height":335},{"@type":"BreadcrumbList","@id":"https:\/\/www.vystupnakilimandzaro.cz\/index.php\/kdy-vyrazit\/#breadcrumb","itemListElement":[{"@type":"ListItem","position":1,"name":"Dom\u016f","item":"https:\/\/www.vystupnakilimandzaro.cz\/"},{"@type":"ListItem","position":2,"name":"Kdy vyrazit?"}]},{"@type":"WebSite","@id":"https:\/\/www.vystupnakilimandzaro.cz\/#website","url":"https:\/\/www.vystupnakilimandzaro.cz\/","name":"V\u00fdstup na Kilimand\u017e\u00e1ro","description":"V\u0161e, co jste cht\u011bli v\u011bd\u011bt o v\u00fdstupu na Kilimand\u017e\u00e1ro.","potentialAction":[{"@type":"SearchAction","target":{"@type":"EntryPoint","urlTemplate":"https:\/\/www.vystupnakilimandzaro.cz\/?s={search_term_string}"},"query-input":{"@type":"PropertyValueSpecification","valueRequired":true,"valueName":"search_term_string"}}],"inLanguage":"cs"}]}},"jetpack_sharing_enabled":true,"jetpack_shortlink":"https:\/\/wp.me\/Paqe9Q-8","jetpack-related-posts":[{"id":13,"url":"https:\/\/www.vystupnakilimandzaro.cz\/","url_meta":{"origin":8,"position":0},"title":"V\u00fdstup na Kilimand\u017e\u00e1ro","author":"vystupnaki","date":"4 listopadu, 2018","format":false,"excerpt":"\u00dasp\u011b\u0161n\u00fd v\u00fdstup na Kilimand\u017e\u00e1ro Jsme parta \u010dty\u0159 nad\u0161enc\u016f, kte\u0159\u00ed si splnili sv\u016fj sen a v roce 2018 podnikli \u00fasp\u011b\u0161n\u00fd v\u00fdstup na Kilimand\u017e\u00e1ro (Kilimanjaro). Nebylo to \u00fapln\u011b bez obt\u00ed\u017e\u00ed, ale v\u0161ichni jsme se nakonec dostali na prvn\u00ed pokus a\u017e na nejvy\u0161\u0161\u00ed vrchol Kilimand\u017e\u00e1ra s n\u00e1zvem Uhuru Peak. Kilimand\u017e\u00e1ro - sen ka\u017ed\u00e9ho\u2026","rel":"","context":"Podobn\u00fd p\u0159\u00edsp\u011bvek","block_context":{"text":"Podobn\u00fd p\u0159\u00edsp\u011bvek","link":""},"img":{"alt_text":"","src":"https:\/\/i0.wp.com\/www.vystupnakilimandzaro.cz\/wp-content\/uploads\/2020\/09\/46498278_1941271272594680_8404265414946717696_n.jpg?resize=350%2C200&ssl=1","width":350,"height":200,"srcset":"https:\/\/i0.wp.com\/www.vystupnakilimandzaro.cz\/wp-content\/uploads\/2020\/09\/46498278_1941271272594680_8404265414946717696_n.jpg?resize=350%2C200&ssl=1 1x, https:\/\/i0.wp.com\/www.vystupnakilimandzaro.cz\/wp-content\/uploads\/2020\/09\/46498278_1941271272594680_8404265414946717696_n.jpg?resize=525%2C300&ssl=1 1.5x, https:\/\/i0.wp.com\/www.vystupnakilimandzaro.cz\/wp-content\/uploads\/2020\/09\/46498278_1941271272594680_8404265414946717696_n.jpg?resize=700%2C400&ssl=1 2x"},"classes":[]},{"id":4,"url":"https:\/\/www.vystupnakilimandzaro.cz\/index.php\/za-kolik\/","url_meta":{"origin":8,"position":1},"title":"Za kolik?","author":"vystupnaki","date":"4 listopadu, 2018","format":false,"excerpt":"Cena za v\u00fdstup na Kilimand\u017e\u00e1ro Jedna z prvn\u00edch ot\u00e1zek, kterou jsme si i my polo\u017eili, byla pochopiteln\u011b: \"Kolik stoj\u00ed v\u00fdstup na Kilimand\u017e\u00e1ro\"? Obecn\u011b je t\u0159eba \u0159\u00edct, \u017ee to nen\u00ed \u00fapln\u011b levn\u00e1 z\u00e1le\u017eitost. Jedn\u00e1 se o jednu z hlavn\u00edch atrakc\u00ed Tanzanie a cel\u00e9 Afriky, a tomu odpov\u00edd\u00e1 cena za vstup do\u2026","rel":"","context":"Podobn\u00fd p\u0159\u00edsp\u011bvek","block_context":{"text":"Podobn\u00fd p\u0159\u00edsp\u011bvek","link":""},"img":{"alt_text":"","src":"https:\/\/i0.wp.com\/www.vystupnakilimandzaro.cz\/wp-content\/uploads\/2020\/07\/Beer-kilimanjaro.jpg?resize=350%2C200&ssl=1","width":350,"height":200,"srcset":"https:\/\/i0.wp.com\/www.vystupnakilimandzaro.cz\/wp-content\/uploads\/2020\/07\/Beer-kilimanjaro.jpg?resize=350%2C200&ssl=1 1x, https:\/\/i0.wp.com\/www.vystupnakilimandzaro.cz\/wp-content\/uploads\/2020\/07\/Beer-kilimanjaro.jpg?resize=525%2C300&ssl=1 1.5x"},"classes":[]},{"id":17,"url":"https:\/\/www.vystupnakilimandzaro.cz\/index.php\/kterou-trasou\/","url_meta":{"origin":8,"position":2},"title":"Kterou trasou?","author":"vystupnaki","date":"4 listopadu, 2018","format":false,"excerpt":"P\u0159ehled v\u00fdstupov\u00fdch tras na Kilimand\u017e\u00e1ro Na ot\u00e1zku, kterou trasou se vydat na Kilimand\u017e\u00e1ro, existuje n\u011bkolik spr\u00e1vn\u00fdch odpov\u011bd\u00ed. Z\u00e1le\u017e\u00ed na va\u0161ich preferenc\u00edch a finan\u010dn\u00edch mo\u017enostech. Pro v\u00fdstup na Kilimand\u017e\u00e1ro je mo\u017en\u00e9 vyu\u017e\u00edt n\u011bkterou sedmi z\u00e1kladn\u00edch tras:\u00a0 Machame\u00a0(ji\u017en\u00ed) Umbwe\u00a0(ji\u017en\u00ed) Mweka\u00a0(ji\u017en\u00ed) Marangu\u00a0(v\u00fdchodn\u00ed) Rongai\u00a0(severn\u00ed) Lemosho\/Shira\u00a0(z\u00e1padn\u00ed) Northern Circuit\u00a0(z\u00e1padn\u00ed\/severn\u00ed) Ka\u017ed\u00e1 z v\u00fd\u0161e uveden\u00fdch tras m\u00e1 svoje\u2026","rel":"","context":"Podobn\u00fd p\u0159\u00edsp\u011bvek","block_context":{"text":"Podobn\u00fd p\u0159\u00edsp\u011bvek","link":""},"img":{"alt_text":"","src":"https:\/\/i0.wp.com\/www.vystupnakilimandzaro.cz\/wp-content\/uploads\/2021\/01\/Northern-Circuit-route.jpg?resize=350%2C200&ssl=1","width":350,"height":200},"classes":[]},{"id":140,"url":"https:\/\/www.vystupnakilimandzaro.cz\/index.php\/o-kilimandzaru\/","url_meta":{"origin":8,"position":3},"title":"O Kilimand\u017e\u00e1ru","author":"vystupnaki","date":"9 listopadu, 2018","format":false,"excerpt":"Kilimand\u017e\u00e1ro je horsk\u00fd masiv nach\u00e1zej\u00edc\u00ed se v Tanzanii t\u00e9m\u011b\u0159 na rovn\u00edku pobl\u00ed\u017e m\u011bsta Moshi p\u0159i hranici s Ke\u0148ou. Skl\u00e1d\u00e1 se ze t\u0159\u00ed dnes u\u017e ne\u010dinn\u00fdch vulk\u00e1n\u016f \u2013 Shira, Mawenzi a Kibo. Na vulk\u00e1nu Kibo se ve v\u00fd\u0161ce 5895 m n. m nach\u00e1z\u00ed nejvy\u0161\u0161\u00ed bod Tanzanie a z\u00e1rove\u0148 cel\u00e9ho Africk\u00e9ho kontinentu\u2026","rel":"","context":"Podobn\u00fd p\u0159\u00edsp\u011bvek","block_context":{"text":"Podobn\u00fd p\u0159\u00edsp\u011bvek","link":""},"img":{"alt_text":"Kilimand\u017e\u00e1ro - vulk\u00e1n Kibo s nejvy\u0161\u0161\u00edm vrcholem Uhuru","src":"https:\/\/i0.wp.com\/www.vystupnakilimandzaro.cz\/wp-content\/uploads\/2018\/11\/Kilimanjaro-vulkan.jpg?resize=350%2C200&ssl=1","width":350,"height":200},"classes":[]},{"id":6,"url":"https:\/\/www.vystupnakilimandzaro.cz\/index.php\/s-kym\/","url_meta":{"origin":8,"position":4},"title":"S k\u00fdm?","author":"vystupnaki","date":"4 listopadu, 2018","format":false,"excerpt":"Pro v\u00fdstup na Kilimand\u017e\u00e1ro m\u00e1te dv\u011b mo\u017enosti. Vlastn\u011b te\u010f u\u017e t\u0159i :-) 1\/ Obr\u00e1tit se na \u010deskou cestovku, kter\u00e1 m\u00e1 sv\u00e9ho m\u00edstn\u00edho partnera, a zaplatit jim ob\u011bma za servis, kter\u00fd v\u00e1m poskytnou. V\u00fdhoda pro lidi co cht\u011bj\u00ed komunikovat v \u010de\u0161tin\u011b, cht\u011bj\u00ed minimalizovat riziko probl\u00e9m\u016f a nevad\u00ed jim zaplatit za to\u2026","rel":"","context":"Podobn\u00fd p\u0159\u00edsp\u011bvek","block_context":{"text":"Podobn\u00fd p\u0159\u00edsp\u011bvek","link":""},"img":{"alt_text":"","src":"","width":0,"height":0},"classes":[]}],"_links":{"self":[{"href":"https:\/\/www.vystupnakilimandzaro.cz\/index.php\/wp-json\/wp\/v2\/pages\/8","targetHints":{"allow":["GET"]}}],"collection":[{"href":"https:\/\/www.vystupnakilimandzaro.cz\/index.php\/wp-json\/wp\/v2\/pages"}],"about":[{"href":"https:\/\/www.vystupnakilimandzaro.cz\/index.php\/wp-json\/wp\/v2\/types\/page"}],"author":[{"embeddable":true,"href":"https:\/\/www.vystupnakilimandzaro.cz\/index.php\/wp-json\/wp\/v2\/users\/1"}],"replies":[{"embeddable":true,"href":"https:\/\/www.vystupnakilimandzaro.cz\/index.php\/wp-json\/wp\/v2\/comments?post=8"}],"version-history":[{"count":30,"href":"https:\/\/www.vystupnakilimandzaro.cz\/index.php\/wp-json\/wp\/v2\/pages\/8\/revisions"}],"predecessor-version":[{"id":669,"href":"https:\/\/www.vystupnakilimandzaro.cz\/index.php\/wp-json\/wp\/v2\/pages\/8\/revisions\/669"}],"wp:attachment":[{"href":"https:\/\/www.vystupnakilimandzaro.cz\/index.php\/wp-json\/wp\/v2\/media?parent=8"}],"curies":[{"name":"wp","href":"https:\/\/api.w.org\/{rel}","templated":true}]}}